{"id":3,"date":"2020-10-02T10:27:31","date_gmt":"2020-10-02T10:27:31","guid":{"rendered":"https:\/\/www.rajalbirs.hu\/?page_id=3"},"modified":"2020-10-19T14:18:41","modified_gmt":"2020-10-19T12:18:41","slug":"adatvedelmi-iranyelvek","status":"publish","type":"page","link":"https:\/\/www.rajalbirs.hu\/index.php\/adatvedelmi-iranyelvek\/","title":{"rendered":"Adatv\u00e9delmi ir\u00e1nyelvek"},"content":{"rendered":"\t\t<div data-elementor-type=\"wp-page\" data-elementor-id=\"3\" class=\"elementor elementor-3\">\n\t\t\t\t\t\t<section class=\"elementor-section elementor-top-section elementor-element elementor-element-6be2a084 elementor-section-boxed elementor-section-height-default elementor-section-height-default\" data-id=\"6be2a084\" data-element_type=\"section\" data-e-type=\"section\">\n\t\t\t\t\t\t<div class=\"elementor-container elementor-column-gap-default\">\n\t\t\t\t\t<div class=\"elementor-column elementor-col-100 elementor-top-column elementor-element elementor-element-fdae882\" data-id=\"fdae882\" data-element_type=\"column\" data-e-type=\"column\">\n\t\t\t<div class=\"elementor-widget-wrap elementor-element-populated\">\n\t\t\t\t\t\t<div class=\"elementor-element elementor-element-2bf1475e elementor-widget elementor-widget-text-editor\" data-id=\"2bf1475e\" data-element_type=\"widget\" data-e-type=\"widget\" data-widget_type=\"text-editor.default\">\n\t\t\t\t<div class=\"elementor-widget-container\">\n\t\t\t\t\t\t\t\t\t<p><\/p>\n<p>Adatv\u00e9delmi nyilatkozat <a href=\"https:\/\/www.rajalbirs.hu\/wp-content\/uploads\/2020\/10\/adatkezelesinyilatkozat.pdf\">LET\u00d6LT\u00c9S<\/a><\/p>\n<p><\/p>\n<p>Az \u00d6n \u00e1ltal megadott adatokat a Rajal Birs Ital web\u00e1ruh\u00e1z kiz\u00e1r\u00f3lag a megrendel\u00e9s teljes\u00edt\u00e9se, a rendel\u00e9si felt\u00e9telek k\u00e9s\u0151bbi bizony\u00edt\u00e1sa, illetve h\u00edrlev\u00e9l k\u00fcld\u00e9se c\u00e9lj\u00e1b\u00f3l t\u00e1rolja. Adatait harmadik f\u00e9l r\u00e9sz\u00e9re nem adjuk \u00e1t, kiv\u00e9ve, ha az a szerz\u0151d\u00e9s teljes\u00edt\u00e9se \u00e9rdek\u00e9ben alv\u00e1llalkoz\u00f3nkk\u00e9nt m\u0171k\u00f6dik k\u00f6zre, pl. fut\u00e1rszolg\u00e1lat, aki a Rajal Birs Ital web\u00e1ruh\u00e1z -t\u00f3l kapott adatokat semmilyen form\u00e1ban nem jogosult felhaszn\u00e1lni, t\u00e1rolni, illetve harmadik f\u00e9l r\u00e9sz\u00e9re tov\u00e1bbadni. Adatai kezel\u00e9sekor a Szem\u00e9lyes adatok v\u00e9delm\u00e9r\u0151l \u00e9s a k\u00f6z\u00e9rdek\u0171 adatok nyilv\u00e1noss\u00e1g\u00e1r\u00f3l sz\u00f3l\u00f3 1992. \u00e9vi LXIII t\u00f6rv\u00e9nynek megfelel\u0151en j\u00e1runk el.<\/p>\n<p><\/p>\n<p><b>Az inform\u00e1ci\u00f3k tulajdonjoga<\/b><\/p>\n<p><\/p>\n<p>Kijelentj\u00fck, hogy az Rajal Birs Ital web\u00e1ruh\u00e1z birtokolja az oldalainkon l\u00e1that\u00f3 inform\u00e1ci\u00f3kat. A www.rajalbirs.hu oldalainak tartalm\u00e1t \u00e9s a kialak\u00edt\u00e1s\u00e1t nemzetk\u00f6zi \u00e9s magyar t\u00f6rv\u00e9nyek v\u00e9dik. Tilos tov\u00e1bb\u00e1 a t\u0151l\u00fcnk sz\u00e1rmaz\u00f3 k\u00e9pek \u00e9s inform\u00e1ci\u00f3k, cikkek \u00e1rus\u00edt\u00e1sa, b\u00e1rmilyen form\u00e1ban t\u00f6rt\u00e9n\u0151 megv\u00e1ltoztat\u00e1sa \u00e9s ism\u00e9telt megjelentet\u00e9se. A megjelent anyaggal kapcsolatos minden tov\u00e1bbi jogunkat fenntartjuk, \u00e9s sz\u00fcks\u00e9g eset\u00e9n ak\u00e1r b\u00edr\u00f3s\u00e1gi \u00faton is \u00e9rv\u00e9nyes\u00edtj\u00fck.<\/p>\n<p><\/p>\n<p>Aki a web\u00e1ruh\u00e1zunkba regisztr\u00e1lja mag\u00e1t, az adatv\u00e9delmi nyilatkozatunkat elfogadottnak tekinti, azzal egyet\u00e9rt.<\/p>\n<p><\/p>\n<p>Rajal Birs Ital web\u00e1ruh\u00e1z adatkezel\u00e9si szab\u00e1lyzata:<\/p>\n<p><\/p>\n<p>A Hete K\u00e1lm\u00e1n ev. (tov\u00e1bbiakban: Adatkezel\u0151) Nemzeti Adatv\u00e9delmi \u00e9s Inform\u00e1ci\u00f3szabads\u00e1g Hat\u00f3s\u00e1g adatkezel\u00e9s nyilv\u00e1ntart\u00e1si sz\u00e1ma:&nbsp;&nbsp;&nbsp;&nbsp;&nbsp;&nbsp;&nbsp;<\/p>\n<p><\/p>\n<p>&nbsp;NAIH-1234\/2013. m\u0171k\u00f6dteti a rajalbirs.hu internetes oldalt a \u201erajalbirs.hu\u201d domain n\u00e9v alatt. A rajalbirs.hu n\u00e9v a tov\u00e1bbiakban mag\u00e1ban foglalja a Hete K\u00e1lm\u00e1n ev-t., mint adatkezel\u0151t.<\/p>\n<p><\/p>\n<p><b>Adatkezel\u0151 el\u00e9rhet\u0151s\u00e9gei:<\/b><\/p>\n<p><\/p>\n<p>C\u00e9gn\u00e9v\/ \u00dczletn\u00e9v: Raj\u00e1l Birs<\/p>\n<p><\/p>\n<p>Keresked\u0151 adatai: Hete K\u00e1lm\u00e1n e.v<\/p>\n<p><\/p>\n<p>Sz\u00e9khely: 4400 Ny\u00edregyh\u00e1za, Lujza \u00fat 10\/A<\/p>\n<p><\/p>\n<p>Telephely: 4400 Ny\u00edregyh\u00e1za, Lujza \u00fat 10\/A<\/p>\n<p><\/p>\n<p>Ny\u00edlv\u00e1ntart\u00e1si sz\u00e1m\/ c\u00e9gjegyz\u00e9ksz\u00e1m: 51794387<\/p>\n<p><\/p>\n<p>Statisztikai sz\u00e1mjel: 68471662-4634-231-15<\/p>\n<p><\/p>\n<p>Ny\u00edlv\u00e1ntart\u00e1si sz\u00e1m: B-17.076\/2018<\/p>\n<p><\/p>\n<p>Ad\u00f3sz\u00e1m: 68471662-2-35<\/p>\n<p><\/p>\n<p>Banksz\u00e1mlasz\u00e1m: 68800109-11154842<\/p>\n<p><\/p>\n<p><b>A szerz\u0151d\u00e9s nyelve: magyar<\/b><\/p>\n<p><\/p>\n<p>T\u00e1rhelyszolg\u00e1ltat\u00f3: Webonic Kft. &#8211; 8000 Sz\u00e9kesfeh\u00e9rv\u00e1r, Budai \u00fat 9-11.<\/p>\n<p><\/p>\n<p>C\u00e9gjegyz\u00e9ksz\u00e1m: 07-09-025725<\/p>\n<p><\/p>\n<p>Ad\u00f3sz\u00e1m: 25138205-2-07<\/p>\n<p><\/p>\n<p>K\u00f6z\u00f6ss\u00e9gi ad\u00f3sz\u00e1m: HU25138205<\/p>\n<p><\/p>\n<p>Sz\u00e9khely: 8000 Sz\u00e9kesfeh\u00e9rv\u00e1r, Budai \u00fat 9-11.<\/p>\n<p><\/p>\n<p>Banksz\u00e1mla: OTP 11742001-29904501-00000000<\/p>\n<p><\/p>\n<p>SWIFT: OTPV-HU-HB<\/p>\n<p><\/p>\n<p>IBAN: HU85117420012990450100000000<\/p>\n<p><\/p>\n<p>Az adatkezel\u00e9s nyilv\u00e1ntart\u00e1si sz\u00e1ma: NAIH-91865\/2015. Az adatkezel\u0151 tiszteletben tartja a szem\u00e9lyes adatok v\u00e9delm\u00e9hez f\u0171z\u0151d\u0151 alkotm\u00e1nyos alapjogot, amelynek tartalma szerint mindenki maga rendelkezik szem\u00e9lyes adatainak felt\u00e1r\u00e1s\u00e1r\u00f3l \u00e9s felhaszn\u00e1l\u00e1s\u00e1r\u00f3l, a lev\u00e9ltitokra vonatkoz\u00f3 jogszab\u00e1lyokat.<\/p>\n<p><\/p>\n<p><b>I.-&nbsp;&nbsp;&nbsp; VONATKOZ\u00d3 JOGSZAB\u00c1LYOK:<\/b><\/p>\n<p><\/p>\n<p>&#8211;&nbsp;&nbsp;&nbsp; Alapt\u00f6rv\u00e9ny<\/p>\n<p><\/p>\n<p>&#8211;&nbsp;&nbsp;&nbsp; 2011. \u00e9vi CXII. t\u00f6rv\u00e9ny az inform\u00e1ci\u00f3s \u00f6nrendelkez\u00e9si jogr\u00f3l \u00e9s az inform\u00e1ci\u00f3szabads\u00e1gr\u00f3l<\/p>\n<p><\/p>\n<p>&#8211;&nbsp;&nbsp;&nbsp; 1995. \u00e9vi CXIX. t\u00f6rv\u00e9ny a kutat\u00e1s \u00e9s a k\u00f6zvetlen \u00fczletszerz\u00e9s c\u00e9lj\u00e1t szolg\u00e1l\u00f3 n\u00e9v- \u00e9s lakc\u00edmadatok kezel\u00e9s\u00e9r\u0151l<\/p>\n<p><\/p>\n<p>&#8211;&nbsp;&nbsp;&nbsp; 1998. \u00e9vi VI. t\u00f6rv\u00e9ny az egy\u00e9nek v\u00e9delm\u00e9r\u0151l a szem\u00e9lyes adatok g\u00e9pi feldolgoz\u00e1sa sor\u00e1n, Strasbourgban, 1981. janu\u00e1r 28-\u00e1n napj\u00e1n kelt egyezm\u00e9ny kihirdet\u00e9s\u00e9r\u0151l<\/p>\n<p><\/p>\n<p>&#8211;&nbsp;&nbsp;&nbsp; 2001. \u00e9vi CVIII. t\u00f6rv\u00e9ny az elektronikus kereskedelmi szolg\u00e1ltat\u00e1sok, valamint az inform\u00e1ci\u00f3s t\u00e1rsadalommal \u00f6sszef\u00fcgg\u0151 szolg\u00e1ltat\u00e1sok egyes k\u00e9rd\u00e9seir\u0151l<\/p>\n<p><\/p>\n<p>Az Adatkezel\u0151 fenti jogszab\u00e1lyok, valamint az adatkezel\u00e9sre vonatkoz\u00f3 egy\u00e9b hat\u00e1lyos magyar jogszab\u00e1lyok, az adatv\u00e9delmi biztos tev\u00e9kenys\u00e9ge sor\u00e1n kialakult adatv\u00e9delmi gyakorlat, \u00e9s a jogszab\u00e1lyv\u00e1ltoz\u00e1sok k\u00f6vetkezt\u00e9ben m\u00e9g nem, de a j\u00f6v\u0151ben kialakul\u00f3 gyakorlat szem el\u0151tt tart\u00e1s\u00e1val &#8211; az al\u00e1bbiak szerint \u00e1llap\u00edtja meg adatv\u00e9delmi nyilatkozat\u00e1t:<\/p>\n<p><\/p>\n<p>&#8211; Eur\u00f3pai Parlament \u00e9s a Tan\u00e1cs 2016\/679 Rendelet\u00e9ben (\u201e\u00c1ltal\u00e1nos Adatv\u00e9delmi Rendelet\u201d vagy \u201eGDPR\u201d), az inform\u00e1ci\u00f3s \u00f6nrendelkez\u00e9si jogr\u00f3l \u00e9s az inform\u00e1ci\u00f3szabads\u00e1gr\u00f3l sz\u00f3l\u00f3 2011. \u00e9vi CXII. t\u00f6rv\u00e9ny (\u201eInfotv.\u201d), a Polg\u00e1ri T\u00f6rv\u00e9nyk\u00f6nyvr\u0151l sz\u00f3l\u00f3 2013. \u00e9vi V. t\u00f6rv\u00e9ny (\u201ePtk.\u201d), tov\u00e1bb\u00e1 a gazdas\u00e1gi rekl\u00e1mtev\u00e9kenys\u00e9g alapvet\u0151 felt\u00e9teleir\u0151l \u00e9s egyes korl\u00e1tair\u00f3l sz\u00f3l\u00f3 2008. \u00e9vi XLVIII. t\u00f6rv\u00e9ny (\u201eGrtv.\u201d)<\/p>\n<p><\/p>\n<p><b>II.-&nbsp;&nbsp;&nbsp; FOGALMAK:<\/b><\/p>\n<p><\/p>\n<p>\u201eszem\u00e9lyes adat\u201d: azonos\u00edtott vagy azonos\u00edthat\u00f3 term\u00e9szetes szem\u00e9lyre (\u201e\u00e9rintett\u201d) vonatkoz\u00f3 b\u00e1rmely inform\u00e1ci\u00f3; azonos\u00edthat\u00f3 az a term\u00e9szetes szem\u00e9ly, aki k\u00f6zvetlen vagy k\u00f6zvetett m\u00f3don, k\u00fcl\u00f6n\u00f6sen valamely azonos\u00edt\u00f3, p\u00e9ld\u00e1ul n\u00e9v, sz\u00e1m, helymeghat\u00e1roz\u00f3 adat, online azonos\u00edt\u00f3 vagy a term\u00e9szetes szem\u00e9ly testi, fiziol\u00f3giai, genetikai, szellemi, gazdas\u00e1gi, kultur\u00e1lis vagy szoci\u00e1lis azonoss\u00e1g\u00e1ra vonatkoz\u00f3 egy vagy t\u00f6bb t\u00e9nyez\u0151 alapj\u00e1n azonos\u00edthat\u00f3;<\/p>\n<p><\/p>\n<p>\u201eadatkezel\u00e9s\u201d: a szem\u00e9lyes adatokon vagy adat\u00e1llom\u00e1nyokon automatiz\u00e1lt vagy nem automatiz\u00e1lt m\u00f3don v\u00e9gzett b\u00e1rmely m\u0171velet vagy m\u0171veletek \u00f6sszess\u00e9ge, \u00edgy a gy\u0171jt\u00e9s, r\u00f6gz\u00edt\u00e9s, rendszerez\u00e9s, tagol\u00e1s, t\u00e1rol\u00e1s, \u00e1talak\u00edt\u00e1s vagy megv\u00e1ltoztat\u00e1s, lek\u00e9rdez\u00e9s, betekint\u00e9s, felhaszn\u00e1l\u00e1s, k\u00f6zl\u00e9s tov\u00e1bb\u00edt\u00e1s, terjeszt\u00e9s vagy egy\u00e9b m\u00f3don t\u00f6rt\u00e9n\u0151 hozz\u00e1f\u00e9rhet\u0151v\u00e9 t\u00e9tel \u00fatj\u00e1n, \u00f6sszehangol\u00e1s vagy \u00f6sszekapcsol\u00e1s, korl\u00e1toz\u00e1s, t\u00f6rl\u00e9s, illetve megsemmis\u00edt\u00e9s;<\/p>\n<p><\/p>\n<p>\u201eadatkezel\u0151\u201d: az a term\u00e9szetes vagy jogi szem\u00e9ly, k\u00f6zhatalmi szerv, \u00fcgyn\u00f6ks\u00e9g vagy b\u00e1rmely egy\u00e9b szerv, amely a szem\u00e9lyes adatok kezel\u00e9s\u00e9nek c\u00e9ljait \u00e9s eszk\u00f6zeit \u00f6n\u00e1ll\u00f3an vagy m\u00e1sokkal egy\u00fctt meghat\u00e1rozza; ha az adatkezel\u00e9s c\u00e9ljait \u00e9s eszk\u00f6zeit az uni\u00f3s vagy a tag\u00e1llami jog hat\u00e1rozza meg, az adatkezel\u0151t vagy az adatkezel\u0151 kijel\u00f6l\u00e9s\u00e9re vonatkoz\u00f3 k\u00fcl\u00f6n\u00f6s szempontokat az uni\u00f3s vagy a tag\u00e1llami jog is meghat\u00e1rozhatja;<\/p>\n<p><\/p>\n<p>\u201eadatfeldolgoz\u00f3\u201d: az a term\u00e9szetes vagy jogi szem\u00e9ly, k\u00f6zhatalmi szerv, \u00fcgyn\u00f6ks\u00e9g vagy b\u00e1rmely egy\u00e9b szerv, amely az adatkezel\u0151 nev\u00e9ben szem\u00e9lyes adatokat kezel;<\/p>\n<p><\/p>\n<p>\u201ec\u00edmzett\u201d: az a term\u00e9szetes vagy jogi szem\u00e9ly, k\u00f6zhatalmi szerv, \u00fcgyn\u00f6ks\u00e9g vagy b\u00e1rmely egy\u00e9b szerv, akivel vagy amellyel a szem\u00e9lyes adatot k\u00f6zlik, f\u00fcggetlen\u00fcl att\u00f3l, hogy harmadik f\u00e9l-e. Azon k\u00f6zhatalmi szervek, amelyek egy egyedi vizsg\u00e1lat keret\u00e9ben az uni\u00f3s vagy a tag\u00e1llami joggal \u00f6sszhangban f\u00e9rhetnek hozz\u00e1 szem\u00e9lyes adatokhoz, nem min\u0151s\u00fclnek c\u00edmzettnek; az eml\u00edtett adatok e k\u00f6zhatalmi szervek \u00e1ltali kezel\u00e9se meg kell, hogy feleljen az adatkezel\u00e9s c\u00e9ljainak megfelel\u0151en az alkalmazand\u00f3 adatv\u00e9delmi szab\u00e1lyoknak;<\/p>\n<p><\/p>\n<p>\u201eaz \u00e9rintett hozz\u00e1j\u00e1rul\u00e1sa\u201d: az \u00e9rintett akarat\u00e1nak \u00f6nk\u00e9ntes, konkr\u00e9t \u00e9s megfelel\u0151 t\u00e1j\u00e9koztat\u00e1son alapul\u00f3 \u00e9s egy\u00e9rtelm\u0171 kinyilv\u00e1n\u00edt\u00e1sa, amellyel az \u00e9rintett nyilatkozat vagy a meger\u0151s\u00edt\u00e9st f\u00e9lre\u00e9rthetetlen\u00fcl kifejez\u0151 cselekedet \u00fatj\u00e1n jelzi, hogy beleegyez\u00e9s\u00e9t adja az \u0151t \u00e9rint\u0151 szem\u00e9lyes adatok kezel\u00e9s\u00e9hez;<\/p>\n<p><\/p>\n<p>\u201eadatv\u00e9delmi incidens\u201d: a biztons\u00e1g olyan s\u00e9r\u00fcl\u00e9se, amely a tov\u00e1bb\u00edtott, t\u00e1rolt vagy m\u00e1s m\u00f3don kezelt szem\u00e9lyes adatok v\u00e9letlen vagy jogellenes megsemmis\u00edt\u00e9s\u00e9t, elveszt\u00e9s\u00e9t, megv\u00e1ltoztat\u00e1s\u00e1t, jogosulatlan k\u00f6zl\u00e9s\u00e9t vagy az azokhoz val\u00f3 jogosulatlan hozz\u00e1f\u00e9r\u00e9st eredm\u00e9nyezi.<\/p>\n<p><\/p>\n<p>Fogalmak&nbsp;&nbsp;&nbsp;&nbsp;&nbsp;&nbsp;&nbsp; T\u00f6rv\u00e9ny szerinti magyar\u00e1zat&nbsp; rajalbirs.hu vonatkoz\u00e1s\u00e1ban<\/p>\n<p><\/p>\n<p>Szem\u00e9lyes adat&nbsp;&nbsp;&nbsp;&nbsp;&nbsp;&nbsp;&nbsp;&nbsp;&nbsp; Az \u00e9rintettel kapcsolatba hozhat\u00f3 adat \u2013 k\u00fcl\u00f6n\u00f6sen az \u00e9rintett neve, azonos\u00edt\u00f3 jele, valamint egy vagy t\u00f6bb fizikai, fiziol\u00f3giai, ment\u00e1lis, gazdas\u00e1gi, kultur\u00e1lis vagy szoci\u00e1lis azonoss\u00e1g\u00e1ra jellemz\u0151 ismeret \u2013, valamint az adatb\u00f3l levonhat\u00f3, az \u00e9rintettre vonatkoz\u00f3 k\u00f6vetkeztet\u00e9s.&nbsp;&nbsp;&nbsp;&nbsp;&nbsp;&nbsp;&nbsp;&nbsp;&nbsp;&nbsp; \u00c9rintett neve, e-mail c\u00edme, , telefonsz\u00e1mai,&nbsp; \u00e9s egy\u00e9b internetes el\u00e9rhet\u0151s\u00e9gei.<\/p>\n<p><\/p>\n<p>\u00c9rintett&nbsp;&nbsp;&nbsp;&nbsp;&nbsp;&nbsp;&nbsp;&nbsp;&nbsp;&nbsp; B\u00e1rmely meghat\u00e1rozott, szem\u00e9lyes adat alapj\u00e1n azonos\u00edtott vagy \u2013 k\u00f6zvetlen\u00fcl vagy k\u00f6zvetve \u2013 azonos\u00edthat\u00f3 term\u00e9szetes szem\u00e9ly. a rajalbirs.hu oldalak haszn\u00e1lata sor\u00e1n a felhaszn\u00e1l\u00f3, \u00fcgyf\u00e9l, megrendel\u0151.<\/p>\n<p><\/p>\n<p>Adatkezel\u0151&nbsp;&nbsp;&nbsp;&nbsp; Az a term\u00e9szetes vagy jogi szem\u00e9ly, illetve jogi szem\u00e9lyis\u00e9ggel nem rendelkez\u0151 szervezet, aki vagy amely \u00f6n\u00e1ll\u00f3an vagy m\u00e1sokkal egy\u00fctt az adatok kezel\u00e9s\u00e9nek c\u00e9lj\u00e1t meghat\u00e1rozza, az adatkezel\u00e9sre (bele\u00e9rtve a felhaszn\u00e1lt eszk\u00f6zt) vonatkoz\u00f3 d\u00f6nt\u00e9seket meghozza \u00e9s v\u00e9grehajtja, vagy az \u00e1ltala megb\u00edzott adatfeldolgoz\u00f3val v\u00e9grehajtatja&nbsp;&nbsp;&nbsp;&nbsp;&nbsp;&nbsp;&nbsp;&nbsp; Hete K\u00e1lm\u00e1n ev.<\/p>\n<p><\/p>\n<p>Adatfeldolgoz\u00f3&nbsp;&nbsp;&nbsp;&nbsp;&nbsp;&nbsp;&nbsp;&nbsp;&nbsp; Az a term\u00e9szetes vagy jogi szem\u00e9ly, illetve jogi szem\u00e9lyis\u00e9ggel nem rendelkez\u0151 szervezet, aki vagy amely az adatkezel\u0151vel k\u00f6t\u00f6tt szerz\u0151d\u00e9se alapj\u00e1n \u2013 bele\u00e9rtve a jogszab\u00e1ly rendelkez\u00e9se alapj\u00e1n t\u00f6rt\u00e9n\u0151 szerz\u0151d\u00e9sk\u00f6t\u00e9st is \u2013 adatok feldolgoz\u00e1s\u00e1t v\u00e9gzi&nbsp;&nbsp;&nbsp;&nbsp;&nbsp; Hete K\u00e1lm\u00e1n ev.<\/p>\n<p><\/p>\n<p>Hat\u00f3s\u00e1g&nbsp;&nbsp;&nbsp;&nbsp;&nbsp;&nbsp;&nbsp;&nbsp;&nbsp; 2011. \u00e9vi CXII. t\u00f6rv\u00e9nyben meghat\u00e1rozott Nemzeti Adatv\u00e9delmi \u00e9s Inform\u00e1ci\u00f3szabads\u00e1g Hat\u00f3s\u00e1g.&nbsp;&nbsp;&nbsp;&nbsp;&nbsp;&nbsp;&nbsp;&nbsp; 2011. \u00e9vi CXII. t\u00f6rv\u00e9nyben meghat\u00e1rozott Nemzeti Adatv\u00e9delmi \u00e9s Inform\u00e1ci\u00f3szabads\u00e1g Hat\u00f3s\u00e1g.<\/p>\n<p><\/p>\n<p><b>A szem\u00e9lyes adatok:<\/b><\/p>\n<p><\/p>\n<p>-kezel\u00e9s\u00e9t jogszer\u0171en \u00e9s tisztess\u00e9gesen, valamint az \u00e9rintett sz\u00e1m\u00e1ra \u00e1tl\u00e1that\u00f3 m\u00f3don kell v\u00e9gezni (\u201ejogszer\u0171s\u00e9g, tisztess\u00e9ges elj\u00e1r\u00e1s \u00e9s \u00e1tl\u00e1that\u00f3s\u00e1g\u201d);<\/p>\n<p><\/p>\n<p>-gy\u0171jt\u00e9se csak meghat\u00e1rozott, egy\u00e9rtelm\u0171 \u00e9s jogszer\u0171 c\u00e9lb\u00f3l t\u00f6rt\u00e9njen, \u00e9s azokat ne kezelj\u00e9k ezekkel a c\u00e9lokkal \u00f6ssze nem egyeztethet\u0151 m\u00f3don; a 89. cikk (1) bekezd\u00e9s\u00e9nek megfelel\u0151en nem min\u0151s\u00fcl az eredeti c\u00e9llal \u00f6ssze nem egyeztethet\u0151nek a k\u00f6z\u00e9rdek\u0171 archiv\u00e1l\u00e1s c\u00e9lj\u00e1b\u00f3l, tudom\u00e1nyos \u00e9s t\u00f6rt\u00e9nelmi kutat\u00e1si c\u00e9lb\u00f3l vagy statisztikai c\u00e9lb\u00f3l t\u00f6rt\u00e9n\u0151 tov\u00e1bbi adatkezel\u00e9s (\u201ec\u00e9lhoz k\u00f6t\u00f6tts\u00e9g\u201d);<\/p>\n<p><\/p>\n<p>-az adatkezel\u00e9s c\u00e9ljai szempontj\u00e1b\u00f3l megfelel\u0151ek \u00e9s relev\u00e1nsak kell, hogy legyenek, \u00e9s a sz\u00fcks\u00e9gesre kell korl\u00e1toz\u00f3dniuk (\u201eadattakar\u00e9koss\u00e1g\u201d);<\/p>\n<p><\/p>\n<p>-pontosnak \u00e9s sz\u00fcks\u00e9g eset\u00e9n naprak\u00e9sznek kell lenni\u00fck; minden \u00e9sszer\u0171 int\u00e9zked\u00e9st meg kell tenni annak \u00e9rdek\u00e9ben, hogy az adatkezel\u00e9s c\u00e9ljai szempontj\u00e1b\u00f3l pontatlan szem\u00e9lyes adatokat halad\u00e9ktalanul t\u00f6r\u00f6lj\u00e9k vagy helyesb\u00edts\u00e9k (\u201epontoss\u00e1g\u201d);<\/p>\n<p><\/p>\n<p>&#8211; t\u00e1rol\u00e1s\u00e1nak olyan form\u00e1ban kell t\u00f6rt\u00e9nnie, amely az \u00e9rintettek azonos\u00edt\u00e1s\u00e1t csak a szem\u00e9lyes adatok kezel\u00e9se c\u00e9ljainak el\u00e9r\u00e9s\u00e9hez sz\u00fcks\u00e9ges ideig teszi lehet\u0151v\u00e9;&nbsp;&nbsp; a szem\u00e9lyes adatok enn\u00e9l hosszabb ideig t\u00f6rt\u00e9n\u0151 t\u00e1rol\u00e1s\u00e1ra csak akkor ker\u00fclhet sor, amennyiben a szem\u00e9lyes adatok kezel\u00e9s\u00e9re a 89.&nbsp; cikk (1) bekezd\u00e9s\u00e9nek megfelel\u0151en k\u00f6z\u00e9rdek\u0171 archiv\u00e1l\u00e1s c\u00e9lj\u00e1b\u00f3l, tudom\u00e1nyos \u00e9s t\u00f6rt\u00e9nelmi kutat\u00e1si c\u00e9lb\u00f3l vagy statisztikai c\u00e9lb\u00f3l ker\u00fcl majd sor,&nbsp; az e rendeletben az \u00e9rintettek jogainak \u00e9s szabads\u00e1gainak v\u00e9delme \u00e9rdek\u00e9ben el\u0151\u00edrt megfelel\u0151 technikai \u00e9s szervez\u00e9si int\u00e9zked\u00e9sek v\u00e9grehajt\u00e1s\u00e1ra is figyelemmel (\u201ekorl\u00e1tozott t\u00e1rolhat\u00f3s\u00e1g\u201d);<\/p>\n<p><\/p>\n<p>-kezel\u00e9s\u00e9t oly m\u00f3don kell v\u00e9gezni, hogy megfelel\u0151 technikai vagy szervez\u00e9si int\u00e9zked\u00e9sek alkalmaz\u00e1s\u00e1val biztos\u00edtva legyen a szem\u00e9lyes adatok megfelel\u0151 biztons\u00e1ga, az adatok jogosulatlan vagy jogellenes kezel\u00e9s\u00e9vel, v\u00e9letlen elveszt\u00e9s\u00e9vel, megsemmis\u00edt\u00e9s\u00e9vel vagy k\u00e1rosod\u00e1s\u00e1val szembeni v\u00e9delmet is ide\u00e9rtve (\u201eintegrit\u00e1s \u00e9s bizalmas jelleg\u201d).<\/p>\n<p><\/p>\n<p>Az adatkezel\u0151 felel\u0151s a fentiek megfelel\u00e9s\u00e9rt, tov\u00e1bb\u00e1 k\u00e9pesnek kell lennie e megfelel\u00e9s igazol\u00e1s\u00e1ra (\u201eelsz\u00e1moltathat\u00f3s\u00e1g\u201d).<\/p>\n<p><\/p>\n<p><b>III.-&nbsp;&nbsp;&nbsp; ADATKEZEL\u00c9S:<\/b><\/p>\n<p><\/p>\n<p>Adatkezel\u0151 szem\u00e9lyes adatot kiz\u00e1r\u00f3lag a jelen adatv\u00e9delmi nyilatkozatban meghat\u00e1rozott c\u00e9lb\u00f3l, jogai gyakorl\u00e1sa \u00e9s k\u00f6telezetts\u00e9gei teljes\u00edt\u00e9se \u00e9rdek\u00e9ben a c\u00e9l megval\u00f3sul\u00e1s\u00e1hoz sz\u00fcks\u00e9ges m\u00e9rt\u00e9kben \u00e9s ideig kezeli, \u00e9s csak azon adatokat, melyek az adatkezel\u00e9s c\u00e9lj\u00e1nak megval\u00f3sul\u00e1s\u00e1hoz elengedhetetlen\u00fcl sz\u00fcks\u00e9gesek, a c\u00e9l el\u00e9r\u00e9s\u00e9re alkalmasak.<\/p>\n<p><\/p>\n<p>Az adatkezel\u00e9snek minden szakasz\u00e1ban meg kell felelnie az adatkezel\u00e9s c\u00e9lj\u00e1nak, az adatok felv\u00e9tel\u00e9nek \u00e9s kezel\u00e9s\u00e9nek tisztess\u00e9gesnek \u00e9s t\u00f6rv\u00e9nyesnek kell lennie. Az Adatkezel\u0151 adatkezel\u00e9s sor\u00e1n t\u00f6rekszik biztos\u00edtani az adatok pontoss\u00e1g\u00e1t, teljess\u00e9g\u00e9t \u00e9s \u2013 ha az adatkezel\u00e9s c\u00e9lj\u00e1ra tekintettel sz\u00fcks\u00e9ges \u2013 naprak\u00e9szs\u00e9g\u00e9t, amennyiben \u00e9rintett ezt lehet\u0151v\u00e9 teszi.<\/p>\n<p><\/p>\n<p><b>Az adatkezel\u00e9s jogalapja:<\/b><\/p>\n<p><\/p>\n<p>&#8211; Az \u00e9rintett hozz\u00e1j\u00e1rul\u00e1sa, 6. cikk (1) bekezd\u00e9s a) pont, az Infotv. 5. \u00a7 (1) bekezd\u00e9se,<\/p>\n<p><\/p>\n<p>&#8211; Az elektronikus kereskedelmi szolg\u00e1ltat\u00e1sok, valamint az inform\u00e1ci\u00f3s t\u00e1rsadalommal \u00f6sszef\u00fcgg\u0151 szolg\u00e1ltat\u00e1sok egyes k\u00e9rd\u00e9seir\u0151l sz\u00f3l\u00f3 2001. \u00e9vi CVIII. t\u00f6rv\u00e9ny (a tov\u00e1bbiakban: Elker tv.) 13\/A. \u00a7 (3) bekezd\u00e9se: A szolg\u00e1ltat\u00f3 a szolg\u00e1ltat\u00e1s ny\u00fajt\u00e1sa c\u00e9lj\u00e1b\u00f3l kezelheti azon szem\u00e9lyes adatokat, amelyek a szolg\u00e1ltat\u00e1s ny\u00fajt\u00e1s\u00e1hoz technikailag elengedhetetlen\u00fcl sz\u00fcks\u00e9gesek. A szolg\u00e1ltat\u00f3nak az egy\u00e9b felt\u00e9telek azonoss\u00e1ga eset\u00e9n \u00fagy kell megv\u00e1lasztania \u00e9s minden esetben oly m\u00f3don kell \u00fczemeltetnie az inform\u00e1ci\u00f3s t\u00e1rsadalommal \u00f6sszef\u00fcgg\u0151 szolg\u00e1ltat\u00e1s ny\u00fajt\u00e1sa sor\u00e1n alkalmazott eszk\u00f6z\u00f6ket, hogy szem\u00e9lyes adatok kezel\u00e9s\u00e9re csak akkor ker\u00fclj\u00f6n sor, ha ez a szolg\u00e1ltat\u00e1s ny\u00fajt\u00e1s\u00e1hoz \u00e9s az e t\u00f6rv\u00e9nyben meghat\u00e1rozott egy\u00e9b c\u00e9lok teljes\u00fcl\u00e9s\u00e9hez felt\u00e9tlen\u00fcl sz\u00fcks\u00e9ges, azonban ebben az esetben is csak a sz\u00fcks\u00e9ges m\u00e9rt\u00e9kben \u00e9s ideig.<\/p>\n<p><\/p>\n<p>&#8211; A sz\u00e1mviteli jogszab\u00e1lyoknak megfelel\u0151 sz\u00e1ml\u00e1t ki\u00e1ll\u00edt\u00e1sa eset\u00e9n a 6. cikk (1) bekezd\u00e9s c) pontja.<\/p>\n<p><\/p>\n<p>T\u00e1j\u00e9koztatjuk, hogy<\/p>\n<p><\/p>\n<p>&#8211; az adatkezel\u00e9s az \u00d6n hozz\u00e1j\u00e1rul\u00e1s\u00e1n alapul.<\/p>\n<p><\/p>\n<p>&#8211; k\u00f6teles a szem\u00e9lyes adatokat megadni, hogy tudjuk a rendel\u00e9s\u00e9t teljes\u00edteni.<\/p>\n<p><\/p>\n<p>az adatszolg\u00e1ltat\u00e1s elmarad\u00e1sa azzal a k\u00f6vetkezm\u00e9nyekkel j\u00e1r, hogy nem tudjuk a rendel\u00e9s\u00e9t feldolgozni.<\/p>\n<p><\/p>\n<p><b>1.&nbsp;&nbsp;&nbsp; Az adatkezel\u00e9s \u00e1ltal\u00e1nos c\u00e9lja:<\/b><\/p>\n<p><\/p>\n<p>Adatkezel\u0151 kiz\u00e1r\u00f3lag abb\u00f3l a c\u00e9lb\u00f3l kezel szem\u00e9lyes adatokat, hogy<\/p>\n<p><\/p>\n<p>a)&nbsp;&nbsp;&nbsp; a megrendel\u0151 \u00fcgyf\u00e9llel szemben fenn\u00e1ll\u00f3, szerz\u0151d\u00e9sen vagy jogszab\u00e1lyon alapul\u00f3 jogait gyakorolja, k\u00f6telezetts\u00e9geit teljes\u00edtse. A megrendel\u0151 \u00fcgyfelek vagy az l\u00e1togat\u00f3k tekintet\u00e9ben biztos\u00edtsa \u00e9s ellen\u0151rizze a megfelel\u0151 sz\u00ednvonal\u00fa kiszolg\u00e1l\u00e1st (a tov\u00e1bbiakban: Felhaszn\u00e1l\u00f3 vagy \u00c9rintett).<\/p>\n<p><\/p>\n<p>b)&nbsp;&nbsp;&nbsp; az \u00e9rintettek vonatkoz\u00e1s\u00e1ban piackutat\u00e1st \u00e9s k\u00f6zvetlen \u00fczletszerz\u00e9st (direkt marketing) v\u00e9gezzen.<\/p>\n<p><\/p>\n<p>2.&nbsp;&nbsp;&nbsp; A kezelend\u0151 adatok meghat\u00e1roz\u00e1sa \u00e9s az adatkezel\u00e9s egyedi c\u00e9ljai:<\/p>\n<p><\/p>\n<p>a) A Rajal-Birs Ital web\u00e1ruh\u00e1z szolg\u00e1ltat\u00e1sai egyes r\u00e9szeinek el\u00e9r\u00e9s\u00e9hez regisztr\u00e1ci\u00f3 sz\u00fcks\u00e9ges. A regisztr\u00e1ci\u00f3 sor\u00e1n a rajalbirs.hu az al\u00e1bbi szem\u00e9lyes adatokat k\u00e9ri megadni, melyeket az Adatkezel\u0151 kezel:<\/p>\n<p><\/p>\n<p><b>Adat&nbsp;&nbsp;&nbsp; Adatkezel\u00e9s c\u00e9lja<\/b><\/p>\n<p><\/p>\n<p>E-mail c\u00edm&nbsp;&nbsp;&nbsp;&nbsp;&nbsp; A rajalbirs.hu szolg\u00e1ltat\u00e1sainak ig\u00e9nybe v\u00e9tel\u00e9hez sz\u00fcks\u00e9ges egyedi azonos\u00edt\u00f3.<\/p>\n<p><\/p>\n<p>Jelsz\u00f3&nbsp; A rajalbirs.hu szolg\u00e1ltat\u00e1sainak ig\u00e9nybe v\u00e9tel\u00e9hez sz\u00fcks\u00e9ges egyedi azonos\u00edt\u00f3.<\/p>\n<p><\/p>\n<p>N\u00e9v&nbsp;&nbsp;&nbsp;&nbsp; A rajalbirs.hu szolg\u00e1ltat\u00e1sainak ig\u00e9nybe v\u00e9tel\u00e9hez sz\u00fcks\u00e9ges egyedi azonos\u00edt\u00f3.<\/p>\n<p><\/p>\n<p>Felhaszn\u00e1l\u00f3n\u00e9v&nbsp;&nbsp;&nbsp;&nbsp;&nbsp;&nbsp;&nbsp;&nbsp;&nbsp;&nbsp; A rajalbirs.hu szolg\u00e1ltat\u00e1sainak ig\u00e9nybe v\u00e9tel\u00e9hez sz\u00fcks\u00e9ges egyedi azonos\u00edt\u00f3.<\/p>\n<p><\/p>\n<p>b) A Rajal-Birs Ital&nbsp;<span style=\"color: var( --e-global-color-text ); font-family: var( --e-global-typography-text-font-family ); font-weight: var( --e-global-typography-text-font-weight ); background-color: transparent;\">web\u00e1ruh\u00e1z<\/span><span style=\"font-size: inherit; color: var( --e-global-color-text ); font-family: var( --e-global-typography-text-font-family ); font-weight: var( --e-global-typography-text-font-weight ); background-color: transparent;\">&nbsp;a regisztr\u00e1lt e-mail c\u00edm\u00fckkel \u00e9s jelszavukkal az oldalra bel\u00e9p\u0151kr\u0151l olyan adatokat t\u00e1rol, amelyek \u00f6sszek\u00f6thet\u0151k a bel\u00e9pett felhaszn\u00e1l\u00f3 szem\u00e9lyes adataival, \u00edgy az Adatkezel\u0151 az al\u00e1bbi adatokat is szem\u00e9lyes adatk\u00e9nt kezeli:<\/span><\/p>\n<p><\/p>\n<p>Adat&nbsp;&nbsp;&nbsp; Adatkezel\u00e9s c\u00e9lja<\/p>\n<p><\/p>\n<p>IP-c\u00edm A rajalbirs.hu szolg\u00e1ltat\u00e1sainak z\u00f6kken\u0151mentes \u00fczemeltet\u00e9s\u00e9hez sz\u00fcks\u00e9ges adat.<\/p>\n<p><\/p>\n<p>Lakc\u00edm&nbsp;&nbsp;&nbsp;&nbsp;&nbsp;&nbsp;&nbsp;&nbsp;&nbsp;&nbsp;&nbsp; &nbsp; Megrendel\u00e9sek kezel\u00e9se, teljes\u00edt\u00e9se<\/p>\n<p><\/p>\n<p>Telefon&nbsp;&nbsp;&nbsp;&nbsp;&nbsp;&nbsp;&nbsp;&nbsp;&nbsp;&nbsp; &nbsp;&nbsp; Megrendel\u00e9sek egyeztet\u00e9se, lebonyol\u00edt\u00e1sa<\/p>\n<p><\/p>\n<p>c) A Rajal-Birs Ital&nbsp;<span style=\"color: var( --e-global-color-text ); font-family: var( --e-global-typography-text-font-family ); font-weight: var( --e-global-typography-text-font-weight ); background-color: transparent;\">web\u00e1ruh\u00e1z<\/span><span style=\"font-size: inherit; color: var( --e-global-color-text ); font-family: var( --e-global-typography-text-font-family ); font-weight: var( --e-global-typography-text-font-weight ); background-color: transparent;\">&nbsp;az oldalt l\u00e1togat\u00f3, az oldal regisztr\u00e1lt felhaszn\u00e1l\u00f3k sz\u00e1m\u00e1ra el\u00e9rhet\u0151 szolg\u00e1ltat\u00e1sait haszn\u00e1l\u00f3 azon \u00fcgyfelek sz\u00e1m\u00edt\u00f3g\u00e9p\u00e9n, ahol ez enged\u00e9lyezve van, az oldal inform\u00e1ci\u00f3inak let\u00f6lt\u00e9s\u00e9vel egy id\u0151ben egy informatikai megold\u00e1ssal (cookie) n\u00e9vtelen adatgy\u0171jt\u00e9st v\u00e9gez. Az \u00edgy keletkezett adatokat az Adatkezel\u0151 szem\u00e9lyes adatk\u00e9nt kezeli:<\/span><\/p>\n<p><\/p>\n<p>Adat&nbsp;&nbsp;&nbsp; Adatkezel\u00e9s c\u00e9lja<\/p>\n<p><\/p>\n<p>IP-c\u00edm A szolg\u00e1ltat\u00e1s sz\u00ednvonal\u00e1nak jav\u00edt\u00e1sa \u00e9rdek\u00e9ben felhaszn\u00e1lt adat.<\/p>\n<p><\/p>\n<p>A rajalbirs.hu oldalon a b\u00f6ng\u00e9sz\u00e9s sor\u00e1n megl\u00e1togatott aloldalak adatai&nbsp;&nbsp;&nbsp; A szolg\u00e1ltat\u00e1s sz\u00ednvonal\u00e1nak jav\u00edt\u00e1sa \u00e9rdek\u00e9ben felhaszn\u00e1lt adat.<\/p>\n<p><\/p>\n<p>A rajalbirs.hu oldalon ind\u00edtott keres\u00e9sek&nbsp;&nbsp;&nbsp;&nbsp;&nbsp;&nbsp; A szolg\u00e1ltat\u00e1s sz\u00ednvonal\u00e1nak jav\u00edt\u00e1sa \u00e9rdek\u00e9ben felhaszn\u00e1lt adat.<\/p>\n<p><\/p>\n<p>A rajalbirs.hu oldalon b\u00f6ng\u00e9sz\u00e9ssel elt\u00f6lt\u00f6tt id\u0151&nbsp;&nbsp;&nbsp;&nbsp;&nbsp; A szolg\u00e1ltat\u00e1s sz\u00ednvonal\u00e1nak jav\u00edt\u00e1sa \u00e9rdek\u00e9ben felhaszn\u00e1lt adat.<\/p>\n<p><\/p>\n<p>A b\u00f6ng\u00e9sz\u0151 t\u00edpusa&nbsp;&nbsp;&nbsp;&nbsp;&nbsp; A szolg\u00e1ltat\u00e1s sz\u00ednvonal\u00e1nak jav\u00edt\u00e1sa \u00e9rdek\u00e9ben felhaszn\u00e1lt adat.<\/p>\n<p><\/p>\n<p>Az oper\u00e1ci\u00f3s rendszer t\u00edpusa A szolg\u00e1ltat\u00e1s sz\u00ednvonal\u00e1nak jav\u00edt\u00e1sa \u00e9rdek\u00e9ben felhaszn\u00e1lt adat.<\/p>\n<p><\/p>\n<p>A k\u00e9perny\u0151 felbont\u00e1sa&nbsp;&nbsp;&nbsp;&nbsp;&nbsp;&nbsp;&nbsp;&nbsp;&nbsp;&nbsp; A szolg\u00e1ltat\u00e1s sz\u00ednvonal\u00e1nak jav\u00edt\u00e1sa \u00e9rdek\u00e9ben felhaszn\u00e1lt adat.<\/p>\n<p><\/p>\n<p><b>3.&nbsp;&nbsp;&nbsp; Az adatkezel\u00e9s id\u0151tartama<\/b><\/p>\n<p><\/p>\n<p>az \u00e9rintett utols\u00f3 v\u00e1s\u00e1rl\u00e1s\u00e1t\u00f3l sz\u00e1m\u00edtott 5 \u00e9v,<\/p>\n<p><\/p>\n<p>v\u00e1s\u00e1rl\u00e1s hi\u00e1ny\u00e1ban az utols\u00f3 bejelentkez\u00e9st\u0151l sz\u00e1m\u00edtott 24 h\u00f3nap,<\/p>\n<p><\/p>\n<p>a direktmarketing c\u00e9l\u00fa megkeres\u00e9shez adott hozz\u00e1j\u00e1rul\u00e1s tekintet\u00e9ben az utols\u00f3 bejelentkez\u00e9st\u0151l sz\u00e1m\u00edtott 24 h\u00f3nap,<\/p>\n<p><\/p>\n<p>a fizet\u00e9si tranzakci\u00f3kkal kapcsolatosan keletkez\u0151 sz\u00e1mviteli bizonylatok eset\u00e9ben a Sz\u00e1mv. tv. 169. \u00a7 (2) bekezd\u00e9s\u00e9nek megfelel\u0151en 8 \u00e9v.<\/p>\n<p><\/p>\n<p><b>T\u00e1rhely-szolg\u00e1ltat\u00f3<\/b><\/p>\n<p><\/p>\n<p>Adatfeldolgoz\u00f3 \u00e1ltal ell\u00e1tott tev\u00e9kenys\u00e9g: T\u00e1rhely-szolg\u00e1ltat\u00e1s<\/p>\n<p><\/p>\n<p>Adatfeldolgoz\u00f3 megnevez\u00e9se \u00e9s el\u00e9rhet\u0151s\u00e9ge:<\/p>\n<p><\/p>\n<p>Webonic Kft.<\/p>\n<p><\/p>\n<p>8000 Sz\u00e9kesfeh\u00e9rv\u00e1r<\/p>\n<p><\/p>\n<p>Budai \u00fat 9-11.<\/p>\n<p><\/p>\n<p>C\u00e9gjegyz\u00e9ksz\u00e1m: 07-09-025725<\/p>\n<p><\/p>\n<p>Ad\u00f3sz\u00e1m: 25138205-2-07<\/p>\n<p><\/p>\n<p>K\u00f6z\u00f6ss\u00e9gi ad\u00f3sz\u00e1m: HU25138205<\/p>\n<p><\/p>\n<p>Sz\u00e9khely: 8000 Sz\u00e9kesfeh\u00e9rv\u00e1r, Budai \u00fat 9-11.<\/p>\n<p><\/p>\n<p>Banksz\u00e1mla: OTP 11742001-29904501-00000000<\/p>\n<p><\/p>\n<p>SWIFT: OTPV-HU-HB<\/p>\n<p><\/p>\n<p>IBAN: HU85117420012990450100000000<\/p>\n<p><\/p>\n<p>Az adatkezel\u00e9s nyilv\u00e1ntart\u00e1si sz\u00e1ma: NAIH-91865\/2015.<\/p>\n<p><\/p>\n<p>Az adatkezel\u00e9s t\u00e9nye, a kezelt adatok k\u00f6re:<\/p>\n<p><\/p>\n<p>Az \u00e9rintett \u00e1ltal megadott valamennyi szem\u00e9lyes adat.<\/p>\n<p><\/p>\n<p>Az \u00e9rintettek k\u00f6re: A weboldalt haszn\u00e1l\u00f3 valamennyi \u00e9rintett.<\/p>\n<p><\/p>\n<p>Az adatkezel\u00e9s c\u00e9lja: A weboldal el\u00e9rhet\u0151v\u00e9 t\u00e9tele, megfelel\u0151 m\u0171k\u00f6dtet\u00e9se.<\/p>\n<p><\/p>\n<p>Az adatkezel\u00e9s id\u0151tartama, az adatok t\u00f6rl\u00e9s\u00e9nek hat\u00e1rideje: Az adatkezel\u0151 \u00e9s a t\u00e1rhely-szolg\u00e1ltat\u00f3 k\u00f6z\u00f6tti meg\u00e1llapod\u00e1s megsz\u0171n\u00e9s\u00e9ig, vagy az \u00e9rintettnek a t\u00e1rhely-szolg\u00e1ltat\u00f3 fel\u00e9 int\u00e9zett t\u00f6rl\u00e9si k\u00e9relm\u00e9ig tart az adatkezel\u00e9s.<\/p>\n<p><\/p>\n<p>Az adatfeldolgoz\u00e1s jogalapja: a Felhaszn\u00e1l\u00f3 hozz\u00e1j\u00e1rul\u00e1sa, az Infotv. 5. \u00a7 (1) bekezd\u00e9se, 6. cikk (1) bekezd\u00e9s a) pontja, illetve az elektronikus kereskedelmi szolg\u00e1ltat\u00e1sok, valamint az inform\u00e1ci\u00f3s t\u00e1rsadalommal \u00f6sszef\u00fcgg\u0151 szolg\u00e1ltat\u00e1sok egyes k\u00e9rd\u00e9seir\u0151l sz\u00f3l\u00f3 2001. \u00e9vi CVIII. t\u00f6rv\u00e9ny 13\/A. \u00a7 (3) bekezd\u00e9se.<\/p>\n<p><\/p>\n<p>\u201eElfogadom, hogy a(z) [Hete K\u00e1lm\u00e1n egy\u00e9ni v\u00e1llalkoz\u00f3 Rajal-Birs Ital Web\u00e1ruh\u00e1z 4400 Ny\u00edregyh\u00e1za Lujza utca 10\/A&nbsp;&nbsp; https:\/\/rajalbirs.hu\/ ] felhaszn\u00e1l\u00f3i adatb\u00e1zis\u00e1ban t\u00e1rolt al\u00e1bbi szem\u00e9lyes adataim \u00e1tad\u00e1sra ker\u00fcljenek a BIG FISH Payment Services Kft. (sz\u00e9khely: 1066 Budapest, Nyugati t\u00e9r 1-2.), mint adatfeldolgoz\u00f3 r\u00e9sz\u00e9re. A tov\u00e1bb\u00edtott adatok k\u00f6re: n\u00e9v-el\u0151tag, vezet\u00e9kn\u00e9v, keresztn\u00e9v, IP-c\u00edm, sz\u00e1ml\u00e1z\u00e1si c\u00edm, sz\u00e1ll\u00edt\u00e1si c\u00edm, telefonsz\u00e1m, e-mail c\u00edm, bankk\u00e1rtyasz\u00e1m utols\u00f3 n\u00e9gy sz\u00e1mjegye. Az adattov\u00e1bb\u00edt\u00e1s c\u00e9lja: a fizet\u00e9si tranzakci\u00f3khoz sz\u00fcks\u00e9ges adatkommunik\u00e1ci\u00f3 lebonyol\u00edt\u00e1sa a keresked\u0151 \u00e9s a fizet\u00e9si szolg\u00e1ltat\u00f3 rendszere k\u00f6z\u00f6tt, a tranzakci\u00f3k visszakereshet\u0151s\u00e9g\u00e9nek biztos\u00edt\u00e1sa a keresked\u0151 partnerek sz\u00e1m\u00e1ra.&#8221;&nbsp;&nbsp;&nbsp;&nbsp;&nbsp;&nbsp;&nbsp;&nbsp;&nbsp;&nbsp;<\/p>\n<p><\/p>\n<p><b>COOKIE-K (S\u00dcTIK) KEZEL\u00c9SE<\/b><\/p>\n<p><\/p>\n<p>Web\u00e1ruh\u00e1zakra jellemz\u0151 cookie-k az \u00fagynevezett \u201ejelsz\u00f3val v\u00e9dett munkamenethez haszn\u00e1lt cookie\u201d, \u201ebev\u00e1s\u00e1rl\u00f3kos\u00e1rhoz sz\u00fcks\u00e9ges cookie-k\u201d \u00e9s \u201ebiztons\u00e1gi cookie-k\u201d, melyek haszn\u00e1lat\u00e1hoz nem sz\u00fcks\u00e9ges el\u0151zetes hozz\u00e1j\u00e1rul\u00e1st k\u00e9rni az \u00e9rintettekt\u0151l.<\/p>\n<p><\/p>\n<p>Az adatkezel\u00e9s t\u00e9nye, a kezelt adatok k\u00f6re: Egyedi azonos\u00edt\u00f3sz\u00e1m, d\u00e1tumok, id\u0151pontok<\/p>\n<p><\/p>\n<p>Az \u00e9rintettek k\u00f6re: A weboldalt l\u00e1togat\u00f3 valamennyi \u00e9rintett.<\/p>\n<p><\/p>\n<p>Az adatkezel\u00e9s c\u00e9lja: A felhaszn\u00e1l\u00f3k azonos\u00edt\u00e1sa, a \u201ebev\u00e1s\u00e1rl\u00f3kos\u00e1r\u201d nyilv\u00e1ntart\u00e1s\u00e1ra \u00e9s a l\u00e1togat\u00f3k nyomon k\u00f6vet\u00e9se.<\/p>\n<p><\/p>\n<p>Az adatkezel\u00e9s id\u0151tartama, az adatok t\u00f6rl\u00e9s\u00e9nek hat\u00e1rideje:<\/p>\n<p><\/p>\n<p>S\u00fcti t\u00edpusa&nbsp;&nbsp;&nbsp;&nbsp;&nbsp;&nbsp;&nbsp;&nbsp;&nbsp; Adatkezel\u00e9s jogalapja&nbsp;&nbsp; Adatkezel\u00e9s id\u0151tartama&nbsp;&nbsp;&nbsp;&nbsp;&nbsp;&nbsp;&nbsp;&nbsp;&nbsp;&nbsp;&nbsp;&nbsp;&nbsp;&nbsp; Kezelt adatk\u00f6r<\/p>\n<p><\/p>\n<p>Munkamenet s\u00fctik (session)&nbsp;&nbsp;&nbsp;&nbsp;&nbsp; Az elektronikus kereskedelmi szolg\u00e1ltat\u00e1sok, valamint az inform\u00e1ci\u00f3s t\u00e1rsadalmi szolg\u00e1ltat\u00e1sok egyes k\u00e9rd\u00e9seir\u0151l sz\u00f3l\u00f3 2001. CVIII. t\u00f6rv\u00e9ny (Elkertv.) 13\/A. \u00a7 (3) bekezd\u00e9se&nbsp;&nbsp;&nbsp;&nbsp;&nbsp;&nbsp;&nbsp;&nbsp; A vonatkoz\u00f3 l\u00e1togat\u00f3i munkamenet lez\u00e1r\u00e1s\u00e1ig tart\u00f3 id\u0151szak&nbsp;&nbsp;&nbsp; connect.sid<\/p>\n<p><\/p>\n<p>Az adatok megismer\u00e9s\u00e9re jogosult lehets\u00e9ges adatkezel\u0151k szem\u00e9lye: A cookie-k haszn\u00e1lat\u00e1val nem kezel szem\u00e9lyes adatokat az adatkezel\u0151.<\/p>\n<p><\/p>\n<p>Az \u00e9rintettek adatkezel\u00e9ssel kapcsolatos jogainak ismertet\u00e9se: Az \u00e9rintettnek lehet\u0151s\u00e9g\u00fck van a cookie-kat t\u00f6r\u00f6lni a b\u00f6ng\u00e9sz\u0151k Eszk\u00f6z\u00f6k\/Be\u00e1ll\u00edt\u00e1sok men\u00fcj\u00e9ben \u00e1ltal\u00e1ban az Adatv\u00e9delem men\u00fcpont be\u00e1ll\u00edt\u00e1sai alatt.<\/p>\n<p><\/p>\n<p>Az adatkezel\u00e9s jogalapja: Az \u00e9rintett\u0151l hozz\u00e1j\u00e1rul\u00e1s nem sz\u00fcks\u00e9ges, amennyiben a cookie-k haszn\u00e1lat\u00e1nak kiz\u00e1r\u00f3lagos c\u00e9lja az elektronikus h\u00edrk\u00f6zl\u0151 h\u00e1l\u00f3zaton kereszt\u00fcl t\u00f6rt\u00e9n\u0151 k\u00f6zl\u00e9stov\u00e1bb\u00edt\u00e1s vagy arra az el\u0151fizet\u0151 vagy felhaszn\u00e1l\u00f3 \u00e1ltal kifejezetten k\u00e9rt, az inform\u00e1ci\u00f3s t\u00e1rsadalommal \u00f6sszef\u00fcgg\u0151 szolg\u00e1ltat\u00e1s ny\u00fajt\u00e1s\u00e1hoz a szolg\u00e1ltat\u00f3nak felt\u00e9tlen\u00fcl sz\u00fcks\u00e9ge van.<\/p>\n<p><\/p>\n<p><b>GOOGLE ADWORDS KONVERZI\u00d3K\u00d6VET\u00c9S HASZN\u00c1LATA<\/b><\/p>\n<p><\/p>\n<p>&nbsp;A \u201eGoogle AdWords\u201d nev\u0171 online rekl\u00e1mprogramot haszn\u00e1lja az adatkezel\u0151, tov\u00e1bb\u00e1 annak keretein bel\u00fcl ig\u00e9nybe veszi a Google konverzi\u00f3k\u00f6vet\u0151 szolg\u00e1ltat\u00e1s\u00e1t. A Google konverzi\u00f3k\u00f6vet\u00e9s a Google Inc. elemz\u0151 szolg\u00e1ltat\u00e1sa (1600 Amphitheatre Parkway, Mountain View, CA 94043, USA; \u201eGoogle\u201c).<\/p>\n<p><\/p>\n<p>Amikor Felhaszn\u00e1l\u00f3 egy weboldalt Google-hirdet\u00e9s \u00e1ltal \u00e9r el, akkor egy a konverzi\u00f3k\u00f6vet\u00e9shez sz\u00fcks\u00e9ges cookie ker\u00fcl a sz\u00e1m\u00edt\u00f3g\u00e9p\u00e9re. Ezeknek a cookie-knak az \u00e9rv\u00e9nyess\u00e9ge korl\u00e1tozott, \u00e9s nem tartalmaznak semmilyen szem\u00e9lyes adatot, \u00edgy a Felhaszn\u00e1l\u00f3 nem is azonos\u00edthat\u00f3 \u00e1ltaluk.<\/p>\n<p><\/p>\n<p>Amikor a Felhaszn\u00e1l\u00f3 a weboldal bizonyos oldalait b\u00f6ng\u00e9szi, \u00e9s a cookie m\u00e9g nem j\u00e1rt le, akkor a Google \u00e9s az adatkezel\u0151 is l\u00e1thatja, hogy Felhaszn\u00e1l\u00f3 a hirdet\u00e9sre kattintott.<\/p>\n<p><\/p>\n<p>Minden Google AdWords \u00fcgyf\u00e9l m\u00e1sik cookie-t kap, \u00edgy azokat az AdWords \u00fcgyfeleinek weboldalain kereszt\u00fcl nem lehet nyomon k\u00f6vetni.<\/p>\n<p><\/p>\n<p>Az inform\u00e1ci\u00f3k \u2013 melyeket a konverzi\u00f3k\u00f6vet\u0151 cookie-k seg\u00edts\u00e9g\u00e9vel szereztek \u2013 azt a c\u00e9lt szolg\u00e1lj\u00e1k, hogy az AdWords konverzi\u00f3k\u00f6vet\u00e9st v\u00e1laszt\u00f3 \u00fcgyfeleinek sz\u00e1m\u00e1ra konverzi\u00f3s statisztik\u00e1kat k\u00e9sz\u00edtsenek. Az \u00fcgyfelek \u00edgy t\u00e1j\u00e9koz\u00f3dnak a hirdet\u00e9s\u00fckre kattint\u00f3 \u00e9s konverzi\u00f3k\u00f6vet\u0151 c\u00edmk\u00e9vel ell\u00e1tott oldalra tov\u00e1bb\u00edtott felhaszn\u00e1l\u00f3k sz\u00e1m\u00e1r\u00f3l. Azonban olyan inform\u00e1ci\u00f3khoz nem jutnak hozz\u00e1, melyekkel b\u00e1rmelyik felhaszn\u00e1l\u00f3t azonos\u00edtani lehetne.<\/p>\n<p><\/p>\n<p>Ha nem szeretne r\u00e9szt venni a konverzi\u00f3k\u00f6vet\u00e9sben, akkor ezt elutas\u00edthatja az\u00e1ltal, hogy b\u00f6ng\u00e9sz\u0151j\u00e9ben letiltja a cookie-k telep\u00edt\u00e9s\u00e9nek lehet\u0151s\u00e9g\u00e9t. Ezut\u00e1n \u00d6n nem fog szerepelni a konverzi\u00f3k\u00f6vet\u00e9si statisztik\u00e1kban.<\/p>\n<p><\/p>\n<p>Tov\u00e1bbi inform\u00e1ci\u00f3 valamint a Google adatv\u00e9delmi nyilatkozata az al\u00e1bbi oldalon \u00e9rhet\u0151 el: www.google.de\/policies\/privacy\/ \u2003<\/p>\n<p><\/p>\n<p><b>A GOOGLE ANALYTICS ALKALMAZ\u00c1SA<\/b><\/p>\n<p><\/p>\n<p>Ez a honlap a Google Analytics alkalmaz\u00e1st haszn\u00e1lja, amely a Google Inc. (\u201eGoogle\u201d) webelemz\u0151 szolg\u00e1ltat\u00e1sa. A Google Analytics \u00fagynevezett \u201ecookie-kat\u201d, sz\u00f6vegf\u00e1jlokat haszn\u00e1l, amelyeket a sz\u00e1m\u00edt\u00f3g\u00e9p\u00e9re mentenek, \u00edgy el\u0151seg\u00edtik Felhaszn\u00e1l\u00f3 \u00e1ltal l\u00e1togatott weblap haszn\u00e1lat\u00e1nak elemz\u00e9s\u00e9t.<\/p>\n<p><\/p>\n<p>A Felhaszn\u00e1l\u00f3 \u00e1ltal haszn\u00e1lt weboldallal kapcsolatos cookie-kkal l\u00e9trehozott inform\u00e1ci\u00f3k rendszerint a Google egyik USA-beli szerver\u00e9re ker\u00fclnek \u00e9s t\u00e1rol\u00f3dnak. Az IP-anonimiz\u00e1l\u00e1s weboldali aktiv\u00e1l\u00e1s\u00e1val a Google a Felhaszn\u00e1l\u00f3 IP-c\u00edm\u00e9t az Eur\u00f3pai Uni\u00f3 tag\u00e1llamain bel\u00fcl vagy az Eur\u00f3pai Gazdas\u00e1gi T\u00e9rs\u00e9gr\u0151l sz\u00f3l\u00f3 meg\u00e1llapod\u00e1sban r\u00e9szes m\u00e1s \u00e1llamokban el\u0151z\u0151leg megr\u00f6vid\u00edti.<\/p>\n<p><\/p>\n<p>A teljes IP-c\u00edmnek a Google USA-ban l\u00e9v\u0151 szerver\u00e9re t\u00f6rt\u00e9n\u0151 tov\u00e1bb\u00edt\u00e1s\u00e1ra \u00e9s ottani ler\u00f6vid\u00edt\u00e9s\u00e9re csak kiv\u00e9telesesetekben ker\u00fcl sor. Eme weboldal \u00fczemeltet\u0151j\u00e9nek megb\u00edz\u00e1s\u00e1b\u00f3l a Google ezeket az inform\u00e1ci\u00f3kat arra fogja haszn\u00e1lni, hogy ki\u00e9rt\u00e9kelje, hogyan haszn\u00e1lta a Felhaszn\u00e1l\u00f3 a honlapot, tov\u00e1bb\u00e1, hogy a weboldal \u00fczemeltet\u0151j\u00e9nek a honlap aktivit\u00e1s\u00e1val \u00f6sszef\u00fcgg\u0151 jelent\u00e9seket k\u00e9sz\u00edtsen, valamint, hogy a weboldal- \u00e9s az internethaszn\u00e1lattal kapcsolatos tov\u00e1bbi szolg\u00e1ltat\u00e1sokat teljes\u00edtsen.<\/p>\n<p><\/p>\n<p>A Google Analytics keretein bel\u00fcl a Felhaszn\u00e1l\u00f3 b\u00f6ng\u00e9sz\u0151je \u00e1ltal tov\u00e1bb\u00edtott IP-c\u00edmet nem vezeti \u00f6ssze a Google m\u00e1s adataival. A cookie-k t\u00e1rol\u00e1s\u00e1t a Felhaszn\u00e1l\u00f3 a b\u00f6ng\u00e9sz\u0151j\u00e9nek megfelel\u0151 be\u00e1ll\u00edt\u00e1s\u00e1val megakad\u00e1lyozhatja, azonban felh\u00edvjuk figyelm\u00e9t, hogy ebben az esetben el\u0151fordulhat, hogy ennek a honlapnak nem minden funkci\u00f3ja lesz teljes k\u00f6r\u0171en haszn\u00e1lhat\u00f3. Megakad\u00e1lyozhatja tov\u00e1bb\u00e1, hogy a Google gy\u0171jtse \u00e9s feldolgozza a cookie-k \u00e1ltali, a Felhaszn\u00e1l\u00f3 weboldalhaszn\u00e1lattal kapcsolatos adatait (bele\u00e9rtve az IP-c\u00edmet is), ha let\u00f6lti \u00e9s telep\u00edti a k\u00f6vetkez\u0151 linken el\u00e9rhet\u0151 b\u00f6ng\u00e9sz\u0151 plugint. https:\/\/tools.google.com\/dlpage\/gaoptout?hl=hu<\/p>\n<p><\/p>\n<p><b>H\u00cdRLEV\u00c9L, DM TEV\u00c9KENYS\u00c9G<\/b><\/p>\n<p><\/p>\n<p>A gazdas\u00e1gi rekl\u00e1mtev\u00e9kenys\u00e9g alapvet\u0151 felt\u00e9teleir\u0151l \u00e9s egyes korl\u00e1tair\u00f3l sz\u00f3l\u00f3 2008. \u00e9vi XLVIII. t\u00f6rv\u00e9ny 6. \u00a7-a \u00e9rtelm\u00e9ben Felhaszn\u00e1l\u00f3 el\u0151zetesen \u00e9s kifejezetten hozz\u00e1j\u00e1rulhat ahhoz, hogy Szolg\u00e1ltat\u00f3 rekl\u00e1maj\u00e1nlataival, egy\u00e9b k\u00fcldem\u00e9nyeivel a regisztr\u00e1ci\u00f3kor megadott el\u00e9rhet\u0151s\u00e9gein megkeresse.<\/p>\n<p><\/p>\n<p>Tov\u00e1bb\u00e1 \u00dcgyf\u00e9l a jelen t\u00e1j\u00e9koztat\u00f3 rendelkez\u00e9seit szem el\u0151tt tartva hozz\u00e1j\u00e1rulhat ahhoz, hogy Szolg\u00e1ltat\u00f3 a rekl\u00e1maj\u00e1nlatok k\u00fcld\u00e9s\u00e9hez sz\u00fcks\u00e9ges szem\u00e9lyes adatait kezelje.<\/p>\n<p><\/p>\n<p>Szolg\u00e1ltat\u00f3 nem k\u00fcld k\u00e9retlen rekl\u00e1m\u00fczenetet, \u00e9s Felhaszn\u00e1l\u00f3 korl\u00e1toz\u00e1s \u00e9s indokol\u00e1s n\u00e9lk\u00fcl, ingyenesen leiratkozhat az aj\u00e1nlatok k\u00fcld\u00e9s\u00e9r\u0151l. Ebben az esetben Szolg\u00e1ltat\u00f3 minden &#8211; a rekl\u00e1m\u00fczenetek k\u00fcld\u00e9s\u00e9hez sz\u00fcks\u00e9ges &#8211; szem\u00e9lyes adat\u00e1t t\u00f6rli nyilv\u00e1ntart\u00e1s\u00e1b\u00f3l \u00e9s tov\u00e1bbi rekl\u00e1maj\u00e1nlataival nem keresi meg a Felhaszn\u00e1l\u00f3t. Felhaszn\u00e1l\u00f3 a rekl\u00e1mokr\u00f3l leiratkozhat az \u00fczenetben l\u00e9v\u0151 linkre kattintva.<\/p>\n<p><\/p>\n<p>Az adatgy\u0171jt\u00e9s t\u00e9nye, a kezelt adatok k\u00f6re \u00e9s az adatkezel\u00e9s c\u00e9lja:<\/p>\n<p><\/p>\n<p>Szem\u00e9lyes adat Az adatkezel\u00e9s c\u00e9lja<\/p>\n<p><\/p>\n<p>N\u00e9v, e-mail c\u00edm. Vezet\u00e9kn\u00e9v, Keresztn\u00e9v,&nbsp; &nbsp;&nbsp;&nbsp;&nbsp;&nbsp;&nbsp;&nbsp;Azonos\u00edt\u00e1s, a h\u00edrlev\u00e9lre val\u00f3 feliratkoz\u00e1s lehet\u0151v\u00e9 t\u00e9tele.<\/p>\n<p><\/p>\n<p>A feliratkoz\u00e1s id\u0151pontja Technikai m\u0171velet v\u00e9grehajt\u00e1sa.<\/p>\n<p><\/p>\n<p>A feliratkoz\u00e1s kori IP c\u00edm&nbsp;&nbsp;&nbsp;&nbsp;&nbsp;&nbsp;&nbsp;&nbsp;&nbsp;&nbsp;&nbsp;&nbsp;&nbsp; Technikai m\u0171velet v\u00e9grehajt\u00e1sa.<\/p>\n<p><\/p>\n<p>Az \u00e9rintettek k\u00f6re: A h\u00edrlev\u00e9lre feliratkoz\u00f3 valamennyi \u00e9rintett.<\/p>\n<p><\/p>\n<p>Az adatkezel\u00e9s c\u00e9lja: rekl\u00e1mot tartalmaz\u00f3 elektronikus \u00fczenetek (e-mail, sms, push \u00fczenet) k\u00fcld\u00e9se az \u00e9rintett r\u00e9sz\u00e9re, t\u00e1j\u00e9koztat\u00e1s ny\u00fajt\u00e1sa az aktu\u00e1lis inform\u00e1ci\u00f3kr\u00f3l, term\u00e9kekr\u0151l, akci\u00f3kr\u00f3l, \u00faj funkci\u00f3kr\u00f3l stb.<\/p>\n<p><\/p>\n<p>Az adatkezel\u00e9s id\u0151tartama, az adatok t\u00f6rl\u00e9s\u00e9nek hat\u00e1rideje: a hozz\u00e1j\u00e1rul\u00f3 nyilatkozat visszavon\u00e1s\u00e1ig, azaz a leiratkoz\u00e1sig tart az adatkezel\u00e9s.<\/p>\n<p><\/p>\n<p>Az adatok megismer\u00e9s\u00e9re jogosult lehets\u00e9ges adatkezel\u0151k szem\u00e9lye, a szem\u00e9lyes adatok c\u00edmzettjei: A szem\u00e9lyes adatokat az adatkezel\u0151 sales \u00e9s marketing munkat\u00e1rsai kezelhetik, a fenti alapelvek tiszteletben tart\u00e1s\u00e1val.<\/p>\n<p><\/p>\n<p><b>Az \u00e9rintettek adatkezel\u00e9ssel kapcsolatos jogainak ismertet\u00e9se:<\/b><\/p>\n<p><\/p>\n<p>Az \u00e9rintett k\u00e9relmezheti az adatkezel\u0151t\u0151l a r\u00e1 vonatkoz\u00f3 szem\u00e9lyes adatokhoz val\u00f3 hozz\u00e1f\u00e9r\u00e9st, azok helyesb\u00edt\u00e9s\u00e9t, t\u00f6rl\u00e9s\u00e9t vagy kezel\u00e9s\u00e9nek korl\u00e1toz\u00e1s\u00e1t, \u00e9s tiltakozhat az ilyen szem\u00e9lyes adatok kezel\u00e9se ellen, valamint az \u00e9rintettnek joga van az adathordozhat\u00f3s\u00e1ghoz, tov\u00e1bb\u00e1 a hozz\u00e1j\u00e1rul\u00e1s b\u00e1rmely id\u0151pontban t\u00f6rt\u00e9n\u0151 visszavon\u00e1s\u00e1hoz.<\/p>\n<p><\/p>\n<p>A szem\u00e9lyes adatokhoz val\u00f3 hozz\u00e1f\u00e9r\u00e9st, azok t\u00f6rl\u00e9s\u00e9t, m\u00f3dos\u00edt\u00e1s\u00e1t, vagy kezel\u00e9s\u00e9nek korl\u00e1toz\u00e1s\u00e1t, az adatok hordozhat\u00f3s\u00e1g\u00e1t, az adatkezel\u00e9sek elleni tiltakoz\u00e1st az al\u00e1bbi m\u00f3dokon tudja \u00e9rintett kezdem\u00e9nyezni:<\/p>\n<p><\/p>\n<p>postai \u00faton: Hete K\u00e1lm\u00e1n egy\u00e9ni v\u00e1llalkoz\u00f3 4400 Ny\u00edregyh\u00e1za Lujza \u00fat 10\/A<\/p>\n<p><\/p>\n<p>e-mail \u00fatj\u00e1n rajalbirs@rajalbirs.hu e-mail c\u00edmen.<\/p>\n<p><\/p>\n<p>Az \u00e9rintett b\u00e1rmikor, ingyenesen leiratkozhat a h\u00edrlev\u00e9lr\u0151l.<\/p>\n<p><\/p>\n<p>Az adatkezel\u00e9s jogalapja: az \u00e9rintett hozz\u00e1j\u00e1rul\u00e1sa, 6. cikk (1) bekezd\u00e9s a) pont, az az Infotv. 5. \u00a7 (1) bekezd\u00e9se, \u00e9s a gazdas\u00e1gi rekl\u00e1mtev\u00e9kenys\u00e9g alapvet\u0151 felt\u00e9teleir\u0151l \u00e9s egyes korl\u00e1tair\u00f3l sz\u00f3l\u00f3 2008. \u00e9vi XLVIII. t\u00f6rv\u00e9ny 6. \u00a7 (5) bekezd\u00e9se:<\/p>\n<p><\/p>\n<p>A rekl\u00e1moz\u00f3, a rekl\u00e1mszolg\u00e1ltat\u00f3, illetve a rekl\u00e1m k\u00f6zz\u00e9 tev\u0151je \u2013 a hozz\u00e1j\u00e1rul\u00e1sban meghat\u00e1rozott k\u00f6rben &#8211; a n\u00e1luk hozz\u00e1j\u00e1rul\u00f3 nyilatkozatot tev\u0151 szem\u00e9lyek szem\u00e9lyes adatair\u00f3l nyilv\u00e1ntart\u00e1st vezet. Az ebben a nyilv\u00e1ntart\u00e1sban r\u00f6gz\u00edtett &#8211; a rekl\u00e1m c\u00edmzettj\u00e9re vonatkoz\u00f3 &#8211; adat csak a hozz\u00e1j\u00e1rul\u00f3 nyilatkozatban foglaltaknak megfelel\u0151en, annak visszavon\u00e1s\u00e1ig kezelhet\u0151, \u00e9s harmadik f\u00e9l sz\u00e1m\u00e1ra kiz\u00e1r\u00f3lag az \u00e9rintett szem\u00e9ly el\u0151zetes hozz\u00e1j\u00e1rul\u00e1s\u00e1val adhat\u00f3 \u00e1t.<\/p>\n<p><\/p>\n<p>A kezelt adatok k\u00f6re: azonos\u00edt\u00f3sz\u00e1m, n\u00e9v, e-mail c\u00edm, regisztr\u00e1lt felhaszn\u00e1l\u00f3 eset\u00e9n a felhaszn\u00e1l\u00f3i azonos\u00edt\u00f3, a regisztr\u00e1lt felhaszn\u00e1l\u00f3nak van-e visszamondott megrendel\u00e9se \u00e9s HTML e-mailt fogad-e, d\u00e1tum, id\u0151pont, direktmarketing c\u00e9l\u00fa megkeres\u00e9shez adott hozz\u00e1j\u00e1rul\u00e1s.<\/p>\n<p><\/p>\n<p>Az adatkezel\u00e9s id\u0151tartama: a felhaszn\u00e1l\u00f3 utols\u00f3 adatfriss\u00edt\u00e9s\u00e9t\u0151l sz\u00e1m\u00edtott 2 \u00e9v.<\/p>\n<p><\/p>\n<p>A felhaszn\u00e1l\u00f3k jobb kiszolg\u00e1l\u00e1sa c\u00e9lj\u00e1b\u00f3l k\u00fcls\u0151 szolg\u00e1ltat\u00f3k\u00e9nt a Google Analytics szervere k\u00f6veti, hogy ki, h\u00e1nyszor, mikor nyitotta meg a sz\u00e1m\u00e1ra k\u00fcld\u00f6tt e-maileket, azokban mely linkekre, h\u00e1nyszor kattintott. A m\u00e9r\u00e9si adatok kezel\u00e9s\u00e9r\u0151l az adatkezel\u0151 a www.google-analytics.com c\u00edmen tud r\u00e9szletes felvil\u00e1gos\u00edt\u00e1st ny\u00fajtani.<\/p>\n<p><\/p>\n<p>A rendszer \u2013 a felhaszn\u00e1l\u00f3k jobb kiszolg\u00e1l\u00e1sa c\u00e9lj\u00e1b\u00f3l \u2013 figyeli, ki, h\u00e1nyszor, mikor nyitotta meg a sz\u00e1m\u00e1ra k\u00fcld\u00f6tt e-maileket, azokban mely linkekre, h\u00e1nyszor kattintott. A direkt marketing \u00fczenetek tov\u00e1bb\u00edt\u00e1s\u00e1nak megtilt\u00e1s\u00e1t \u00e9s a szem\u00e9lyes adatok t\u00f6rl\u00e9s\u00e9t vagy m\u00f3dos\u00edt\u00e1s\u00e1t az al\u00e1bbi el\u00e9rhet\u0151s\u00e9geken lehet k\u00e9rni:<\/p>\n<p><\/p>\n<p>postai \u00faton: Hete K\u00e1lm\u00e1n egy\u00e9ni v\u00e1llalkoz\u00f3 4400 Ny\u00edregyh\u00e1za Lujza \u00fat 10\/A<\/p>\n<p><\/p>\n<p>e-mail \u00fatj\u00e1n rajalbirs@rajalbirs.hu e-mail c\u00edmen.<\/p>\n<p><\/p>\n<p>T\u00e1j\u00e9koztatjuk, hogy<\/p>\n<p><\/p>\n<p>-az adatkezel\u00e9s az \u00d6n hozz\u00e1j\u00e1rul\u00e1s\u00e1n alapul.<\/p>\n<p><\/p>\n<p>-k\u00f6teles a szem\u00e9lyes adatokat megadni, ha h\u00edrlevelet szeretne kapni t\u0151l\u00fcnk.<\/p>\n<p><\/p>\n<p>-az adatszolg\u00e1ltat\u00e1s elmarad\u00e1sa azzal a k\u00f6vetkezm\u00e9nyekkel j\u00e1r, hogy nem tudunk \u00d6nnek h\u00edrlevelet k\u00fcldeni.<\/p>\n<p><\/p>\n<p><b>Adatfeldolgoz\u00f3:<\/b><\/p>\n<p><\/p>\n<p>-postai \u00faton: Hete K\u00e1lm\u00e1n egy\u00e9ni v\u00e1llalkoz\u00f3 4400 Ny\u00edregyh\u00e1za Lujza \u00fat 10\/A<\/p>\n<p><\/p>\n<p>e-mail \u00fatj\u00e1n rajalbirs@rajalbirs.hu e-mail c\u00edmen.<\/p>\n<p><\/p>\n<p>Adatkezel\u0151 a szem\u00e9lyes adatokat az adatkezel\u00e9s c\u00e9lj\u00e1nak fenn\u00e1ll\u00e1sa alatt kezeli. A szem\u00e9lyes adatok az adatkezel\u00e9s c\u00e9lj\u00e1nak megsz\u0171n\u00e9sekor, illetve az \u00e9rintett k\u00e9r\u00e9s\u00e9re t\u00f6rl\u00e9sre ker\u00fclnek.<\/p>\n<p><\/p>\n<p><b>4.&nbsp;&nbsp;&nbsp; Az adatok tov\u00e1bb\u00edt\u00e1sa<\/b><\/p>\n<p><\/p>\n<p>Adatkezel\u0151 jogosult k\u00f6zvetlen \u00fczletszerz\u00e9si, illetve \u00fczemeltet\u00e9si c\u00e9llal szem\u00e9lyes adatot harmadik f\u00e9l r\u00e9sz\u00e9re tov\u00e1bb\u00edtani. A harmadik szem\u00e9ly a hozz\u00e1 eljutott szem\u00e9lyes adatokat k\u00f6teles az elv\u00e1rhat\u00f3 gondoss\u00e1ggal kezelni, a jelen Szab\u00e1lyzat V. fejezet\u00e9ben foglaltak szerint.<\/p>\n<p><\/p>\n<p><b>5.&nbsp;&nbsp;&nbsp; Adatszolg\u00e1ltat\u00e1s \u00e9s el\u0151zetes t\u00e1j\u00e9koztat\u00e1s<\/b><\/p>\n<p><\/p>\n<p>A szem\u00e9lyes adatok felv\u00e9tele el\u0151tt minden esetben sor ker\u00fcl az \u00c9rintett t\u00e1j\u00e9koztat\u00e1s\u00e1ra, valamint az adatkezel\u00e9shez t\u00f6rt\u00e9n\u0151 hozz\u00e1j\u00e1rul\u00e1sa beszerz\u00e9s\u00e9re.&nbsp; A rajalbirs.hu hirdet\u00e9si szolg\u00e1ltat\u00e1sai ig\u00e9nybev\u00e9tel\u00e9hez sz\u00fcks\u00e9gesek szem\u00e9lyes adatok, mely adatokat \u00c9rintett a regisztr\u00e1ci\u00f3 alkalm\u00e1val ad meg adatkezel\u0151nek. Az \u00c9rintett A rajalbirs.hu bizonyos szolg\u00e1ltat\u00e1sainak ig\u00e9nybev\u00e9tel\u00e9vel hozz\u00e1j\u00e1rul\u00e1s\u00e1t adja a szem\u00e9lyes adatok fent meghat\u00e1rozott felhaszn\u00e1l\u00e1s\u00e1hoz<\/p>\n<p><\/p>\n<p>Az adatszolg\u00e1ltat\u00e1s \u00f6nk\u00e9ntes, az \u00c9rintett nem k\u00f6teles hozz\u00e1j\u00e1rul\u00e1s\u00e1t adni az adatkezel\u00e9shez.<\/p>\n<p><\/p>\n<p>Az adatok megismer\u00e9s\u00e9re jogosult lehets\u00e9ges adatkezel\u0151k szem\u00e9lye:<\/p>\n<p><\/p>\n<p>A kezelt adatokat kiz\u00e1r\u00f3lag az Adatkezel\u0151, illetve az Adatfeldolgoz\u00f3 alkalmazottai, illetve az egyes jogszab\u00e1lyokban erre felhatalmazott hat\u00f3s\u00e1gok ismerhetik meg. Az Adatkezel\u0151 munkat\u00e1rsait munkaszerz\u0151d\u00e9s\u00fck k\u00f6telezi, hogy a munk\u00e1juk sor\u00e1n megismert szem\u00e9lyes adattal nem \u00e9lhetnek vissza. Adatfeldolgoz\u00f3 c\u00e9ggel k\u00f6tend\u0151 szerz\u0151d\u00e9sekben Adatkezel\u0151 felt\u00e9tel\u00fcl szabja, hogy az Adatkezel\u0151 a tudom\u00e1s\u00e1ra jutott szem\u00e9lyes adatot megfelel\u0151 gondoss\u00e1ggal kezeli.<\/p>\n<p><\/p>\n<p>6.&nbsp;&nbsp;&nbsp; Az \u00c9rintett jogai \u00e9s k\u00f6telezetts\u00e9gei<\/p>\n<p><\/p>\n<p>\u201e2011. \u00e9vi CXII. t\u00f6rv\u00e9ny 14. \u00a7 Az \u00e9rintett k\u00e9relmezheti az adatkezel\u0151n\u00e9l<\/p>\n<p><\/p>\n<p>a) t\u00e1j\u00e9koztat\u00e1s\u00e1t szem\u00e9lyes adatai kezel\u00e9s\u00e9r\u0151l,<\/p>\n<p><\/p>\n<p>b) szem\u00e9lyes adatainak helyesb\u00edt\u00e9s\u00e9t, valamint<\/p>\n<p><\/p>\n<p>c) szem\u00e9lyes adatainak \u2013 a k\u00f6telez\u0151 adatkezel\u00e9s kiv\u00e9tel\u00e9vel \u2013 t\u00f6rl\u00e9s\u00e9t vagy z\u00e1rol\u00e1s\u00e1t.\u201d<\/p>\n<p><\/p>\n<p>\u00c9rintett k\u00e9relm\u00e9re t\u00f6rt\u00e9n\u0151 t\u00e1j\u00e9koztat\u00e1sad\u00e1s:<\/p>\n<p><\/p>\n<p>Szem\u00e9lyes adataik kezel\u00e9s\u00e9r\u0151l az \u00c9rintettek t\u00e1j\u00e9koztat\u00e1st k\u00e9rhetnek. A t\u00e1j\u00e9koztat\u00e1s k\u00e9r\u00e9sre kiterjedhet az \u00c9rintettnek az adatkezel\u0151 \u00e1ltal kezelt adatair\u00f3l, az adatkezel\u00e9s c\u00e9lj\u00e1r\u00f3l, jogalapj\u00e1r\u00f3l, id\u0151tartam\u00e1r\u00f3l, az adatfeldolgoz\u00f3 nev\u00e9r\u0151l, c\u00edm\u00e9r\u0151l (sz\u00e9khely\u00e9r\u0151l) \u00e9s az adatkezel\u00e9ssel \u00f6sszef\u00fcgg\u0151 tev\u00e9kenys\u00e9g\u00e9r\u0151l, tov\u00e1bb\u00e1 arr\u00f3l, hogy kik \u00e9s milyen c\u00e9lb\u00f3l kapj\u00e1k vagy kapt\u00e1k meg az adatokat.<\/p>\n<p><\/p>\n<p>Az \u00c9rintett t\u00e1j\u00e9koztat\u00e1s k\u00e9r\u00e9se eset\u00e9n az Adatkezel\u0151 a k\u00e9relem beny\u00fajt\u00e1s\u00e1t\u00f3l sz\u00e1m\u00edtott, legk\u00e9s\u0151bb 30 napon bel\u00fcl, \u00edr\u00e1sban, k\u00f6z\u00e9rthet\u0151 form\u00e1ban megadja a t\u00e1j\u00e9koztat\u00e1st. A t\u00e1j\u00e9koztat\u00e1s ingyenes, ha az \u00c9rintett m\u00e9g nem ny\u00fajtott be Adatkezel\u0151h\u00f6z azonos ter\u00fcletre vonatkoz\u00f3 t\u00e1j\u00e9koztat\u00e1si k\u00e9relmet a foly\u00f3 \u00e9vben. Egy\u00e9b esetben a t\u00e1j\u00e9koztat\u00e1s a felmer\u00fcl\u0151 k\u00f6lts\u00e9gek megt\u00e9r\u00edt\u00e9se ellen\u00e9ben t\u00f6rt\u00e9nik.<\/p>\n<p><\/p>\n<p>\u00c9rintett szem\u00e9lyes adatainak helyesb\u00edt\u00e9se:<\/p>\n<p><\/p>\n<p>Ha a szem\u00e9lyes adat a val\u00f3s\u00e1gnak nem felel meg, \u00e9s a val\u00f3s\u00e1gnak megfelel\u0151 szem\u00e9lyes adat az Adatkezel\u0151 rendelkez\u00e9s\u00e9re \u00e1ll, a szem\u00e9lyes adatot az Adatkezel\u0151 helyesb\u00edti. Az \u00c9rintett jogosult k\u00e9rni az adatkezel\u0151t\u0151l &#8211; megjel\u00f6lve a helyes adatokat- szem\u00e9lyes adatai helyesb\u00edt\u00e9s\u00e9t. Adatkezel\u0151 a helyesb\u00edt\u00e9st elv\u00e9gzi nyilv\u00e1ntart\u00e1saiban, \u00e9s ennek megt\u00f6rt\u00e9nt\u00e9r\u0151l \u00e9rtes\u00edti az \u00c9rintettet.<\/p>\n<p><\/p>\n<p>Az adatok helyesb\u00edt\u00e9se az \u00e9rintett \u00e1ltal is elv\u00e9gezhet\u0151k, a rajalbirs.hu oldal\u00e1n a bejelentkez\u00e9st k\u00f6vet\u0151en az adatok m\u00f3dos\u00edt\u00e1sa men\u00fcpontban.<\/p>\n<p><\/p>\n<p>Az \u00faj adat\u00e1tviteli jog lehet\u0151v\u00e9 teszi az egy\u00e9nek sz\u00e1m\u00e1ra szem\u00e9lyes adataik \u00e1thelyez\u00e9s\u00e9t egyik szolg\u00e1ltat\u00f3t\u00f3l a m\u00e1sikhoz teh\u00e1t megk\u00f6nny\u00edti az adatcser\u00e9t.<\/p>\n<p><\/p>\n<p>Fontos tov\u00e1bb\u00e1 a jogosults\u00e1g az adat elfelejt\u00e9s\u00e9hez, azaz, ha egy mag\u00e1nszem\u00e9ly t\u00f6bb\u00e9 nem akar hozz\u00e1j\u00e1rulni adatai feldolgoz\u00e1s\u00e1hoz, \u00e9s felt\u00e9ve, hogy nincs megalapozott indok annak meg\u0151rz\u00e9s\u00e9re, az adatokat t\u00f6r\u00f6lni kell. A \u201cfeled\u00e9s joga\u201d az egy\u00e9nek mag\u00e1n\u00e9let\u00e9nek v\u00e9delm\u00e9t kell szolg\u00e1lja, nem pedig a m\u00faltbeli esem\u00e9nyek t\u00f6rl\u00e9s\u00e9t vagy a sajt\u00f3szabads\u00e1g korl\u00e1toz\u00e1s\u00e1t. Ez teh\u00e1t nem jelenti azt, hogy az egy\u00e9n minden egyes k\u00e9r\u00e9s\u00e9re minden szem\u00e9lyes adatot egyszerre \u00e9s \u00f6r\u00f6kre t\u00f6r\u00f6lni kell. Ha p\u00e9ld\u00e1ul az adatok meg\u0151rz\u00e9se sz\u00fcks\u00e9ges a szerz\u0151d\u00e9s teljes\u00edt\u00e9s\u00e9hez vagy a jogi k\u00f6telezetts\u00e9g betart\u00e1s\u00e1hoz, az adatokat az erre a c\u00e9lra sz\u00fcks\u00e9ges ideig meg lehet tartani.<\/p>\n<p><\/p>\n<p><b>Az \u00e9rintettek adatkezel\u00e9ssel kapcsolatos jogainak ismertet\u00e9se:<\/b><\/p>\n<p><\/p>\n<p><b>A hozz\u00e1f\u00e9r\u00e9s joga<\/b><\/p>\n<p><\/p>\n<p>\u00d6n jogosult arra, hogy az adatkezel\u0151t\u0151l visszajelz\u00e9st kapjon arra vonatkoz\u00f3an, hogy szem\u00e9lyes adatainak kezel\u00e9se folyamatban van-e, \u00e9s ha ilyen adatkezel\u00e9s folyamatban van, jogosult arra, hogy a szem\u00e9lyes adatokhoz \u00e9s a rendeletben felsorolt inform\u00e1ci\u00f3khoz hozz\u00e1f\u00e9r\u00e9st kapjon.<\/p>\n<p><\/p>\n<p><b>A helyesb\u00edt\u00e9shez val\u00f3 jog<\/b><\/p>\n<p><\/p>\n<p>\u00d6n jogosult arra, hogy k\u00e9r\u00e9s\u00e9re az adatkezel\u0151 indokolatlan k\u00e9sedelem n\u00e9lk\u00fcl helyesb\u00edtse a r\u00e1 vonatkoz\u00f3 pontatlan szem\u00e9lyes adatokat. Figyelembe v\u00e9ve az adatkezel\u00e9s c\u00e9lj\u00e1t, \u00d6n jogosult arra, hogy k\u00e9rje a hi\u00e1nyos szem\u00e9lyes adatok \u2013 egyebek mellett kieg\u00e9sz\u00edt\u0151 nyilatkozat \u00fatj\u00e1n t\u00f6rt\u00e9n\u0151 \u2013 kieg\u00e9sz\u00edt\u00e9s\u00e9t.<\/p>\n<p><\/p>\n<p><b>A t\u00f6rl\u00e9shez val\u00f3 jog<\/b><\/p>\n<p><\/p>\n<p>\u00d6n jogosult arra, hogy k\u00e9r\u00e9s\u00e9re az adatkezel\u0151 indokolatlan k\u00e9sedelem n\u00e9lk\u00fcl t\u00f6r\u00f6lje a r\u00e1 vonatkoz\u00f3 szem\u00e9lyes adatokat, az adatkezel\u0151 pedig k\u00f6teles arra, hogy \u00d6nre vonatkoz\u00f3 szem\u00e9lyes adatokat indokolatlan k\u00e9sedelem n\u00e9lk\u00fcl t\u00f6r\u00f6lje meghat\u00e1rozott felt\u00e9telek eset\u00e9n.<\/p>\n<p><\/p>\n<p><b>Az elfeledtet\u00e9shez val\u00f3 jog<\/b><\/p>\n<p><\/p>\n<p>Ha az adatkezel\u0151 nyilv\u00e1noss\u00e1gra hozta a szem\u00e9lyes adatot, \u00e9s azt t\u00f6r\u00f6lni k\u00f6teles, az el\u00e9rhet\u0151 technol\u00f3gia \u00e9s a megval\u00f3s\u00edt\u00e1s k\u00f6lts\u00e9geinek figyelembev\u00e9tel\u00e9vel megteszi az \u00e9szszer\u0171en elv\u00e1rhat\u00f3 l\u00e9p\u00e9seket \u2013 ide\u00e9rtve technikai int\u00e9zked\u00e9seket \u2013 annak \u00e9rdek\u00e9ben, hogy t\u00e1j\u00e9koztassa az adatokat kezel\u0151 adatkezel\u0151ket, hogy \u00d6n k\u00e9relmezte a sz\u00f3ban forg\u00f3 szem\u00e9lyes adatokra mutat\u00f3 linkek vagy e szem\u00e9lyes adatok m\u00e1solat\u00e1nak, illetve m\u00e1sodp\u00e9ld\u00e1ny\u00e1nak t\u00f6rl\u00e9s\u00e9t.<\/p>\n<p><\/p>\n<p>Az adatkezel\u00e9s korl\u00e1toz\u00e1s\u00e1hoz val\u00f3 jog<\/p>\n<p><\/p>\n<p>\u00d6n jogosult arra, hogy k\u00e9r\u00e9s\u00e9re az adatkezel\u0151 korl\u00e1tozza az adatkezel\u00e9st, ha az al\u00e1bbi felt\u00e9telek valamelyike teljes\u00fcl:<\/p>\n<p><\/p>\n<p>\u00d6n vitatja a szem\u00e9lyes adatok pontoss\u00e1g\u00e1t, ez esetben a korl\u00e1toz\u00e1s arra az id\u0151tartamra vonatkozik, amely lehet\u0151v\u00e9 teszi, hogy az adatkezel\u0151 ellen\u0151rizze a szem\u00e9lyes adatok pontoss\u00e1g\u00e1t;<\/p>\n<p><\/p>\n<p>-az adatkezel\u00e9s jogellenes, \u00e9s \u00d6n ellenzi az adatok t\u00f6rl\u00e9s\u00e9t, \u00e9s ehelyett k\u00e9ri azok felhaszn\u00e1l\u00e1s\u00e1nak korl\u00e1toz\u00e1s\u00e1t;<\/p>\n<p><\/p>\n<p>-az adatkezel\u0151nek m\u00e1r nincs sz\u00fcks\u00e9ge a szem\u00e9lyes adatokra adatkezel\u00e9s c\u00e9lj\u00e1b\u00f3l, de \u00d6n ig\u00e9nyli azokat jogi ig\u00e9nyek el\u0151terjeszt\u00e9s\u00e9hez, \u00e9rv\u00e9nyes\u00edt\u00e9s\u00e9hez vagy v\u00e9delm\u00e9hez;<\/p>\n<p><\/p>\n<p>\u00d6n tiltakozott az adatkezel\u00e9s ellen; ez esetben a korl\u00e1toz\u00e1s arra az id\u0151tartamra vonatkozik, am\u00edg meg\u00e1llap\u00edt\u00e1sra nem ker\u00fcl, hogy az adatkezel\u0151 jogos indokai els\u0151bbs\u00e9get \u00e9lveznek-e \u00d6n jogos indokaival szemben.<\/p>\n<p><\/p>\n<p>Az adathordozhat\u00f3s\u00e1ghoz val\u00f3 jog<\/p>\n<p><\/p>\n<p>\u00d6n jogosult arra, hogy a r\u00e1 vonatkoz\u00f3, \u00e1ltala egy adatkezel\u0151 rendelkez\u00e9s\u00e9re bocs\u00e1tott szem\u00e9lyes adatokat tagolt, sz\u00e9les k\u00f6rben haszn\u00e1lt, g\u00e9ppel olvashat\u00f3 form\u00e1tumban megkapja, tov\u00e1bb\u00e1 jogosult arra, hogy ezeket az adatokat egy m\u00e1sik adatkezel\u0151nek tov\u00e1bb\u00edtsa an\u00e9lk\u00fcl, hogy ezt akad\u00e1lyozn\u00e1 az az adatkezel\u0151, amelynek a szem\u00e9lyes adatokat a rendelkez\u00e9s\u00e9re bocs\u00e1totta.<\/p>\n<p><\/p>\n<p><b>A tiltakoz\u00e1shoz val\u00f3 jog<\/b><\/p>\n<p><\/p>\n<p>\u00d6n jogosult arra, hogy a saj\u00e1t helyzet\u00e9vel kapcsolatos okokb\u00f3l b\u00e1rmikor tiltakozzon szem\u00e9lyes adatainak a kezel\u00e9se ellen, ide\u00e9rtve az eml\u00edtett rendelkez\u00e9seken alapul\u00f3 profilalkot\u00e1st is.<\/p>\n<p><\/p>\n<p><b>Tiltakoz\u00e1s k\u00f6zvetlen \u00fczletszerz\u00e9s est\u00e9n<\/b><\/p>\n<p><\/p>\n<p>Ha a szem\u00e9lyes adatok kezel\u00e9se k\u00f6zvetlen \u00fczletszerz\u00e9s \u00e9rdek\u00e9ben t\u00f6rt\u00e9nik, \u00d6n jogosult arra, hogy b\u00e1rmikor tiltakozzon a r\u00e1 vonatkoz\u00f3 szem\u00e9lyes adatok e c\u00e9lb\u00f3l t\u00f6rt\u00e9n\u0151 kezel\u00e9se ellen, ide\u00e9rtve a profilalkot\u00e1st is, amennyiben az a k\u00f6zvetlen \u00fczletszerz\u00e9shez kapcsol\u00f3dik. Ha \u00d6n tiltakozik a szem\u00e9lyes adatok k\u00f6zvetlen \u00fczletszerz\u00e9s \u00e9rdek\u00e9ben t\u00f6rt\u00e9n\u0151 kezel\u00e9se ellen, akkor a szem\u00e9lyes adatok a tov\u00e1bbiakban e c\u00e9lb\u00f3l nem kezelhet\u0151k.<\/p>\n<p><\/p>\n<p>Automatiz\u00e1lt d\u00f6nt\u00e9shozatal egyedi \u00fcgyekben, bele\u00e9rtve a profilalkot\u00e1st<\/p>\n<p><\/p>\n<p>\u00d6n jogosult arra, hogy ne terjedjen ki r\u00e1 az olyan, kiz\u00e1r\u00f3lag automatiz\u00e1lt adatkezel\u00e9sen \u2013 ide\u00e9rtve a profilalkot\u00e1st is \u2013 alapul\u00f3 d\u00f6nt\u00e9s hat\u00e1lya, amely r\u00e1 n\u00e9zve joghat\u00e1ssal j\u00e1rna vagy \u0151t hasonl\u00f3k\u00e9ppen jelent\u0151s m\u00e9rt\u00e9kben \u00e9rinten\u00e9. Az el\u0151z\u0151 bekezd\u00e9s nem alkalmazand\u00f3 abban az esetben, ha a d\u00f6nt\u00e9s:<\/p>\n<p><\/p>\n<p>\u00d6n \u00e9s az adatkezel\u0151 k\u00f6z\u00f6tti szerz\u0151d\u00e9s megk\u00f6t\u00e9se vagy teljes\u00edt\u00e9se az adatkezel\u0151re alkalmazand\u00f3 olyan uni\u00f3s vagy tag\u00e1llami jog teszi lehet\u0151v\u00e9, amely \u00d6n jogainak \u00e9s szabads\u00e1gainak, valamint jogos \u00e9rdekeinek v\u00e9delm\u00e9t szolg\u00e1l\u00f3 int\u00e9zked\u00e9sek az \u00d6n kifejezett hozz\u00e1j\u00e1rul\u00e1s\u00e1n alapul.<\/p>\n<p><\/p>\n<p><b>&nbsp;INT\u00c9ZKED\u00c9SI HAT\u00c1RID\u0150<\/b><\/p>\n<p><\/p>\n<p>Az adatkezel\u0151 indokolatlan k\u00e9sedelem n\u00e9lk\u00fcl, de mindenf\u00e9lek\u00e9ppen a k\u00e9relem be\u00e9rkez\u00e9s\u00e9t\u0151l sz\u00e1m\u00edtott 1 h\u00f3napon bel\u00fcl t\u00e1j\u00e9koztatja \u00d6nt a fenti k\u00e9relmek nyom\u00e1n hozott int\u00e9zked\u00e9sekr\u0151l.<\/p>\n<p><\/p>\n<p>Sz\u00fcks\u00e9g eset\u00e9n ez 2 h\u00f3nappal meghosszabb\u00edthat\u00f3. A hat\u00e1rid\u0151 meghosszabb\u00edt\u00e1s\u00e1r\u00f3l az adatkezel\u0151 a k\u00e9sedelem okainak megjel\u00f6l\u00e9s\u00e9vel a k\u00e9relem k\u00e9zhezv\u00e9tel\u00e9t\u0151l sz\u00e1m\u00edtott 1 h\u00f3napon bel\u00fcl t\u00e1j\u00e9koztatja \u00d6nt.<\/p>\n<p><\/p>\n<p>Ha az adatkezel\u0151 nem tesz int\u00e9zked\u00e9seket \u00d6n k\u00e9relme nyom\u00e1n, k\u00e9sedelem n\u00e9lk\u00fcl, de legk\u00e9s\u0151bb a k\u00e9relem be\u00e9rkez\u00e9s\u00e9t\u0151l sz\u00e1m\u00edtott egy h\u00f3napon bel\u00fcl t\u00e1j\u00e9koztatja \u00d6nt az int\u00e9zked\u00e9s elmarad\u00e1s\u00e1nak okair\u00f3l, valamint arr\u00f3l, hogy \u00d6n panaszt ny\u00fajthat be valamely fel\u00fcgyeleti hat\u00f3s\u00e1gn\u00e1l, \u00e9s \u00e9lhet b\u00edr\u00f3s\u00e1gi jogorvoslati jog\u00e1val.<\/p>\n<p><\/p>\n<p>Az \u00e9rintett k\u00e9relmezheti az adatkezel\u0151t\u0151l a r\u00e1 vonatkoz\u00f3 szem\u00e9lyes adatokhoz val\u00f3 hozz\u00e1f\u00e9r\u00e9st, azok helyesb\u00edt\u00e9s\u00e9t, t\u00f6rl\u00e9s\u00e9t vagy kezel\u00e9s\u00e9nek korl\u00e1toz\u00e1s\u00e1t, \u00e9s tiltakozhat az ilyen szem\u00e9lyes adatok kezel\u00e9se ellen, valamint az \u00e9rintettnek joga van az adathordozhat\u00f3s\u00e1ghoz, tov\u00e1bb\u00e1 a hozz\u00e1j\u00e1rul\u00e1s b\u00e1rmely id\u0151pontban t\u00f6rt\u00e9n\u0151 visszavon\u00e1s\u00e1hoz.<\/p>\n<p><\/p>\n<p>&nbsp;A szem\u00e9lyes adatokhoz val\u00f3 hozz\u00e1f\u00e9r\u00e9st, azok t\u00f6rl\u00e9s\u00e9t, m\u00f3dos\u00edt\u00e1s\u00e1t, vagy kezel\u00e9s\u00e9nek korl\u00e1toz\u00e1s\u00e1t, az adatok hordozhat\u00f3s\u00e1g\u00e1t, az adatkezel\u00e9sek elleni tiltakoz\u00e1st az al\u00e1bbi m\u00f3dokon tudja \u00e9rintett kezdem\u00e9nyezni:<\/p>\n<p><\/p>\n<p>&nbsp;postai \u00faton: Hete K\u00e1lm\u00e1n egy\u00e9ni v\u00e1llalkoz\u00f3 4400 Ny\u00edregyh\u00e1za Lujza \u00fat 10\/A<\/p>\n<p><\/p>\n<p>e-mail \u00fatj\u00e1n rajalbirs@rajalbirs.hu e-mail c\u00edmen.<\/p>\n<p><\/p>\n<p><b>Hozz\u00e1j\u00e1rul\u00e1s visszavon\u00e1sa:<\/b><\/p>\n<p><\/p>\n<p>Az \u00e9rintett b\u00e1rmikor visszavonhatja az adatkezel\u00e9shez sz\u00fcks\u00e9ges, m\u00e1r megadott hozz\u00e1j\u00e1rul\u00e1s\u00e1t, indokl\u00e1s n\u00e9lk\u00fcl, r\u00e9szben vagy eg\u00e9szben. Kiv\u00e9telt k\u00e9peznek azok a szem\u00e9lyes adatok, melyek kezel\u00e9se jogszab\u00e1ly alapj\u00e1n vagy az \u00e9rintettel k\u00f6t\u00f6tt szerz\u0151d\u00e9sben v\u00e1llalt k\u00f6telezetts\u00e9g teljes\u00edt\u00e9s\u00e9hez sz\u00fcks\u00e9gesek. Adatkezel\u0151 a hozz\u00e1j\u00e1rul\u00e1s visszavon\u00e1s\u00e1r\u00f3l t\u00f6rt\u00e9nt \u00e9rtes\u00edt\u00e9s\u00e9t k\u00f6vet\u0151en halad\u00e9ktalanul gondoskodik az adatkezel\u00e9s megsz\u00fcntet\u00e9s\u00e9r\u0151l, v\u00e9glegesen t\u00f6rli nyilv\u00e1ntart\u00e1s\u00e1b\u00f3l a visszavon\u00e1ssal \u00e9rintett szem\u00e9lyes adatokat, felh\u00edvja a t\u00f6rl\u00e9sre az adatfeldolgoz\u00f3t \u00e9s az esetleges adattov\u00e1bb\u00edt\u00e1ssal \u00e9rintett szem\u00e9lyeket, majd mindezek megt\u00f6rt\u00e9nt\u00e9r\u0151l \u00e9rtes\u00edti az \u00e9rintettet.<\/p>\n<p><\/p>\n<p>A Felhaszn\u00e1l\u00f3nak jog\u00e1ban \u00e1ll b\u00e1rmikor k\u00e9rni szem\u00e9lyes adatainak t\u00f6rl\u00e9s\u00e9t az adatb\u00e1zisb\u00f3l, valamint jog\u00e1ban \u00e1ll tiltakozni az adatkezel\u00e9s ellen. A l\u00e1togat\u00f3knak a felhaszn\u00e1l\u00e1si felt\u00e9telekhez kell tartania mag\u00e1t. Adatkezel\u00e9si k\u00e9rd\u00e9seivel, v\u00e9lem\u00e9ny\u00e9vel forduljon hozz\u00e1nk bizalommal el\u00e9rhet\u0151s\u00e9geinken.<\/p>\n<p><\/p>\n<p><b>Tiltakoz\u00e1s szem\u00e9lyes adat kezel\u00e9se ellen:<\/b><\/p>\n<p><\/p>\n<p>Az \u00e9rintett tiltakozhat szem\u00e9lyes adat\u00e1nak kezel\u00e9se ellen,<\/p>\n<p><\/p>\n<p>a) ha a szem\u00e9lyes adatok kezel\u00e9se vagy tov\u00e1bb\u00edt\u00e1sa kiz\u00e1r\u00f3lag az adatkezel\u0151re vonatkoz\u00f3 jogi k\u00f6telezetts\u00e9g teljes\u00edt\u00e9s\u00e9hez vagy az adatkezel\u0151, adat\u00e1tvev\u0151 vagy harmadik szem\u00e9ly jogos \u00e9rdek\u00e9nek \u00e9rv\u00e9nyes\u00edt\u00e9s\u00e9hez sz\u00fcks\u00e9ges, kiv\u00e9ve k\u00f6telez\u0151 adatkezel\u00e9s eset\u00e9n;<\/p>\n<p><\/p>\n<p>b) ha a szem\u00e9lyes adat felhaszn\u00e1l\u00e1sa vagy tov\u00e1bb\u00edt\u00e1sa k\u00f6zvetlen \u00fczletszerz\u00e9s, k\u00f6zv\u00e9lem\u00e9ny-kutat\u00e1s vagy tudom\u00e1nyos kutat\u00e1s&nbsp; c\u00e9lj\u00e1ra t\u00f6rt\u00e9nik; valamint<\/p>\n<p><\/p>\n<p>c) t\u00f6rv\u00e9nyben meghat\u00e1rozott egy\u00e9b esetben.<\/p>\n<p><\/p>\n<p><b>\u00c9rintett k\u00f6telezetts\u00e9ge:<\/b><\/p>\n<p><\/p>\n<p>Az \u00e9rintett tudom\u00e1sul veszi, hogy az \u00e1ltala&nbsp; a rajalbirs.hu-n megadott vezet\u00e9k- \u00e9s keresztneve valamint azonos\u00edt\u00f3ja a rendszeren kereszt\u00fcl k\u00fcld\u00f6tt elektronikus levelek fejl\u00e9c\u00e9ben megtal\u00e1lhat\u00f3.<\/p>\n<p><\/p>\n<p>Az \u00e9rintett tudom\u00e1sul veszi, hogy az \u00e1ltala&nbsp; a&nbsp; rajalbirs.hu-n megadott \u00e9s a regisztr\u00e1ci\u00f3 sor\u00e1n megjel\u00f6lt nyilv\u00e1nos, nem nyilv\u00e1nos adatai val\u00f3s\u00e1g\u00e1\u00e9rt&nbsp; a rajalbirs.hu felel\u0151ss\u00e9get nem v\u00e1llal.<\/p>\n<p><\/p>\n<p>8.) Adatkezel\u0151 jogai \u00e9s k\u00f6telezetts\u00e9gei:<\/p>\n<p><\/p>\n<p>Szem\u00e9lyes adat t\u00f6rl\u00e9s\u00e9nek k\u00f6telezetts\u00e9ge:<\/p>\n<p><\/p>\n<p>A szem\u00e9lyes adatot t\u00f6r\u00f6lni kell, ha<\/p>\n<p><\/p>\n<p>a) kezel\u00e9se jogellenes;<\/p>\n<p><\/p>\n<p>b) az \u00e9rintett k\u00e9ri;<\/p>\n<p><\/p>\n<p>c) az hi\u00e1nyos vagy t\u00e9ves \u2013 \u00e9s ez az \u00e1llapot jogszer\u0171en nem orvosolhat\u00f3 \u2013, felt\u00e9ve, hogy a t\u00f6rl\u00e9st t\u00f6rv\u00e9ny nem z\u00e1rja ki;<\/p>\n<p><\/p>\n<p>d) az adatkezel\u00e9s c\u00e9lja megsz\u0171nt, vagy az adatok t\u00e1rol\u00e1s\u00e1nak t\u00f6rv\u00e9nyben meghat\u00e1rozott hat\u00e1rideje lej\u00e1rt \u2013 kiv\u00e9ve ha lev\u00e9lt\u00e1ri \u0151rizetbe kell adni -;<\/p>\n<p><\/p>\n<p>e) azt b\u00edr\u00f3s\u00e1g vagy hat\u00f3s\u00e1g hat\u00e1rozat\u00e1ban elrendelte.<\/p>\n<p><\/p>\n<p>Szem\u00e9lyes adat z\u00e1rol\u00e1s\u00e1val \u00f6sszef\u00fcgg\u0151 adatkezel\u0151i jogosults\u00e1g:<\/p>\n<p><\/p>\n<p>Ha a szem\u00e9lyes adat felv\u00e9tel\u00e9re az \u00e9rintett hozz\u00e1j\u00e1rul\u00e1s\u00e1val ker\u00fclt sor, az Adatkezel\u0151 a felvett adatokat t\u00f6rv\u00e9ny elt\u00e9r\u0151 rendelkez\u00e9s\u00e9nek hi\u00e1ny\u00e1ban<\/p>\n<p><\/p>\n<p>a) a r\u00e1 vonatkoz\u00f3 jogi k\u00f6telezetts\u00e9g teljes\u00edt\u00e9se c\u00e9lj\u00e1b\u00f3l, vagy<\/p>\n<p><\/p>\n<p>b) az adatkezel\u0151 vagy harmadik szem\u00e9ly jogos \u00e9rdek\u00e9nek \u00e9rv\u00e9nyes\u00edt\u00e9se c\u00e9lj\u00e1b\u00f3l, ha ezen \u00e9rdek \u00e9rv\u00e9nyes\u00edt\u00e9se a szem\u00e9lyes adatok v\u00e9delm\u00e9hez f\u0171z\u0151d\u0151 jog korl\u00e1toz\u00e1s\u00e1val ar\u00e1nyban \u00e1ll<\/p>\n<p><\/p>\n<p>tov\u00e1bbi k\u00fcl\u00f6n hozz\u00e1j\u00e1rul\u00e1s n\u00e9lk\u00fcl, valamint az \u00e9rintett hozz\u00e1j\u00e1rul\u00e1s\u00e1nak visszavon\u00e1s\u00e1t k\u00f6vet\u0151en is kezelheti.<\/p>\n<p><\/p>\n<p><b>T\u00e1j\u00e9koztat\u00e1s megtagad\u00e1sa<\/b><\/p>\n<p><\/p>\n<p>\u00c9rintett k\u00e9relm\u00e9re t\u00f6rt\u00e9n\u0151 t\u00e1j\u00e9koztat\u00e1st az adatkezel\u0151 az inform\u00e1ci\u00f3s \u00f6nrendelkez\u00e9si jogr\u00f3l \u00e9s az inform\u00e1ci\u00f3szabads\u00e1gr\u00f3l sz\u00f3l\u00f3 t\u00f6rv\u00e9ny 16. \u00a7-a alapj\u00e1n az abban meghat\u00e1rozott esetekben megtagadja.<\/p>\n<p><\/p>\n<p><b>Szem\u00e9lyes adat megjel\u00f6l\u00e9se<\/b><\/p>\n<p><\/p>\n<p>Az Adatkezel\u0151 megjel\u00f6li az \u00e1ltala kezelt szem\u00e9lyes adatot, ha az \u00c9rintett vitatja annak helyess\u00e9g\u00e9t vagy pontoss\u00e1g\u00e1t, de a vitatott szem\u00e9lyes adat helytelens\u00e9ge vagy pontatlans\u00e1ga nem \u00e1llap\u00edthat\u00f3 meg egy\u00e9rtelm\u0171en.<\/p>\n<p><\/p>\n<p><b>Adatfeldolgoz\u00f3<\/b>:<\/p>\n<p><\/p>\n<p>Adatkezel\u0151 jogosult Adatfeldolgoz\u00f3 szolg\u00e1ltat\u00e1s\u00e1nak ig\u00e9nybev\u00e9tel\u00e9re. Az Adatfeldolgoz\u00f3 tev\u00e9kenys\u00e9g\u00e9t a megb\u00edz\u00e1snak, a jelen szab\u00e1lyzatnak \u00e9s a vonatkoz\u00f3 jogszab\u00e1lyi el\u0151\u00edr\u00e1soknak megfelel\u0151en k\u00f6teles folytatni. Az \u00c9rintettel szemben az adatkezel\u0151 felel az adatfeldolgoz\u00f3 \u00e1ltal okozott k\u00e1r\u00e9rt. Adatkezel\u0151 t\u00e1j\u00e9koztatja az adatfeldolgoz\u00f3t, ha a feldolgoz\u00e1s c\u00e9lj\u00e1b\u00f3l hozz\u00e1f\u00e9rhet\u0151v\u00e9 tett szem\u00e9lyes adatok m\u00f3dosul\u00e1s\u00e1r\u00f3l, kezelhet\u0151s\u00e9g\u00e9nek megv\u00e1ltoz\u00e1s\u00e1r\u00f3l tudom\u00e1st szerez.<\/p>\n<p><\/p>\n<p><b>Adatkezel\u0151 felel\u0151ss\u00e9ge<\/b><\/p>\n<p><\/p>\n<p>A&nbsp; Rajal Birs ital Web\u00e1ruh\u00e1z az \u00e9rintett \u00e1ltal megadott inform\u00e1ci\u00f3k\u00e9rt felel\u0151ss\u00e9get nem v\u00e1llal. Amennyiben&nbsp; a Rajal Birs ital Web\u00e1ruh\u00e1z&nbsp; tudom\u00e1st szerez arr\u00f3l, hogy az \u00e9rintett valamely harmadik szem\u00e9ly jogait vagy a jogszab\u00e1lyokat s\u00e9rti, vagy egy\u00e9bk\u00e9nt a jelen adatv\u00e9delmi szab\u00e1lyokat megszegte, illetve az adatv\u00e9delmi szab\u00e1lyok be nem tart\u00e1s\u00e1val k\u00e1rt okozott,&nbsp; a Rajal Birs ital Web\u00e1ruh\u00e1z &nbsp;-nak jog\u00e1ban \u00e1ll megtenni a sz\u00fcks\u00e9ges jogi int\u00e9zked\u00e9seket az okozott k\u00e1r megt\u00e9r\u00edt\u00e9se, valamint az adatv\u00e9delmi szab\u00e1lyok megs\u00e9rt\u00e9s\u00e9t megval\u00f3s\u00edt\u00f3 szem\u00e9ly felel\u0151ss\u00e9gre von\u00e1sa \u00e9rdek\u00e9ben.<\/p>\n<p><\/p>\n<p>Adatkezel\u0151 szem\u00e9lyes adatokat harmadik szem\u00e9lyeknek nem ad \u00e1t. Ez nem vonatkozik azonban az esetleges, t\u00f6rv\u00e9nyben el\u0151\u00edrt, k\u00f6telez\u0151 adattov\u00e1bb\u00edt\u00e1sokra, amelyekre csak rendk\u00edv\u00fcli esetekben ker\u00fclhet sor. Az adatkezel\u0151 az egyes hat\u00f3s\u00e1gi adatk\u00e9r\u00e9sek teljes\u00edt\u00e9se el\u0151tt minden egyes adat tekintet\u00e9ben megvizsg\u00e1lja, hogy val\u00f3ban fenn\u00e1ll-e az adattov\u00e1bb\u00edt\u00e1s jogalapja.<\/p>\n<p><\/p>\n<p><b>9.) Jogorvoslatok<\/b><\/p>\n<p><\/p>\n<p>Jogorvoslat a szem\u00e9lyes adat helyesb\u00edt\u00e9s\u00e9nek, z\u00e1rol\u00e1s\u00e1nak vagy t\u00f6rl\u00e9s\u00e9nek megtagad\u00e1sa miatt:<\/p>\n<p><\/p>\n<p>Ha az adatkezel\u0151 az \u00e9rintett helyesb\u00edt\u00e9s, z\u00e1rol\u00e1s vagy t\u00f6rl\u00e9s ir\u00e1nti k\u00e9relm\u00e9t nem teljes\u00edti, a k\u00e9relem k\u00e9zhezv\u00e9tel\u00e9t k\u00f6vet? 30 napon bel\u00fcl \u00edr\u00e1sban k\u00f6zli a helyesb\u00edt\u00e9s, z\u00e1rol\u00e1s vagy t\u00f6rl\u00e9s ir\u00e1nti k\u00e9relem elutas\u00edt\u00e1s\u00e1nak t\u00e9nybeli \u00e9s jogi indokait. A helyesb\u00edt\u00e9s, t\u00f6rl\u00e9s vagy z\u00e1rol\u00e1s ir\u00e1nti k\u00e9relem elutas\u00edt\u00e1sa eset\u00e9n az adatkezel\u0151 t\u00e1j\u00e9koztatja az \u00e9rintettet a b\u00edr\u00f3s\u00e1gi jogorvoslat, tov\u00e1bb\u00e1 a Hat\u00f3s\u00e1ghoz fordul\u00e1s lehet\u0151s\u00e9g\u00e9r\u0151l.<\/p>\n<p><\/p>\n<p><b>B\u00edr\u00f3s\u00e1gi jog\u00e9rv\u00e9nyes\u00edt\u00e9s:<\/b><\/p>\n<p><\/p>\n<p>Az \u00e9rintett jogorvoslattal \u00e9lhet a szem\u00e9lyes adataival kapcsolatos jogainak megs\u00e9rt\u00e9se eset\u00e9n , valamint szem\u00e9lyes adatainak kezel\u00e9se elleni tiltakoz\u00e1s sor\u00e1n az adatkezel\u0151 ellen b\u00edr\u00f3s\u00e1ghoz fordulhat. Az erre, valamint az adatkezel\u0151 k\u00f6telezetts\u00e9geire vonatkoz\u00f3 r\u00e9szletes t\u00f6rv\u00e9nyi rendelkez\u00e9seket az inform\u00e1ci\u00f3s \u00f6nrendelkez\u00e9si jogr\u00f3l \u00e9s az inform\u00e1ci\u00f3szabads\u00e1gr\u00f3l sz\u00f3l\u00f3 2011. \u00e9vi CXII. t\u00f6rv\u00e9ny tartalmazza.<\/p>\n<p><\/p>\n<p><b>K\u00fcls\u0151 szolg\u00e1ltat\u00f3k adatkezel\u00e9se:<\/b><\/p>\n<p><\/p>\n<p>A GoldCity -t\u0151l f\u00fcggetlen, k\u00fcls\u0151 szerverr\u0151l \u00e9rkez\u0151 \u00e9s k\u00fcls\u0151 szerverre mutat\u00f3 hivatkoz\u00e1sokat tartalmaz. A k\u00fcls\u0151 szolg\u00e1ltat\u00f3 szervere k\u00f6zvetlen\u00fcl a felhaszn\u00e1l\u00f3 sz\u00e1m\u00edt\u00f3g\u00e9p\u00e9vel \u00e1ll kapcsolatban. Felh\u00edvjuk l\u00e1togat\u00f3ink figyelm\u00e9t, hogy e hivatkoz\u00e1sok szolg\u00e1ltat\u00f3i az \u0151 szerver\u00fckr\u0151l t\u00f6rt\u00e9n\u0151 k\u00f6zvetlen kapcsol\u00f3d\u00e1s, a felhaszn\u00e1l\u00f3 b\u00f6ng\u00e9sz\u0151j\u00e9vel val\u00f3 k\u00f6zvetlen kommunik\u00e1ci\u00f3 miatt felhaszn\u00e1l\u00f3i adatokat k\u00e9pesek gy\u0171jteni.<\/p>\n<p><\/p>\n<p>A felhaszn\u00e1l\u00f3 sz\u00e1m\u00e1ra esetlegesen szem\u00e9lyre szabott tartalmakat a k\u00fcls\u0151 szolg\u00e1ltat\u00f3 szervere szolg\u00e1lja ki.<\/p>\n<p><\/p>\n<p>Az adatok k\u00fcls\u0151 szolg\u00e1ltat\u00f3k szervere \u00e1ltali kezel\u00e9s\u00e9r\u0151l az al\u00e1bb felsorolt adatkezel\u0151k tudnak r\u00e9szletes felvil\u00e1gos\u00edt\u00e1st ny\u00fajtani.<\/p>\n<p><\/p>\n<p>A www.rajalbirs.hu weboldal l\u00e1togatotts\u00e1gi \u00e9s egy\u00e9b webanalitikai adatainak f\u00fcggetlen m\u00e9r\u00e9s\u00e9t \u00e9s audit\u00e1l\u00e1s\u00e1t k\u00fcls\u0151 szolg\u00e1ltat\u00f3k\u00e9nt a Google Analytics szervere seg\u00edti. A m\u00e9r\u00e9si adatok kezel\u00e9s\u00e9r\u0151l az adatkezel\u0151 a www.google-analytics.com c\u00edmen tud r\u00e9szletes felvil\u00e1gos\u00edt\u00e1st ny\u00fajtani.<\/p>\n<p><\/p>\n<p>A k\u00fcls\u0151 szolg\u00e1ltat\u00f3k a testre szabott kiszolg\u00e1l\u00e1s \u00e9rdek\u00e9ben a felhaszn\u00e1l\u00f3 sz\u00e1m\u00edt\u00f3g\u00e9p\u00e9n kis adatcsomagot, \u00fan. s\u00fctit (cookie) helyeznek el \u00e9s olvasnak vissza. Ha a b\u00f6ng\u00e9sz\u0151 visszak\u00fcld egy kor\u00e1bban elmentett s\u00fctit, az azt kezel\u0151 szolg\u00e1ltat\u00f3knak lehet\u0151s\u00e9g\u00fck van \u00f6sszekapcsolni a felhaszn\u00e1l\u00f3 aktu\u00e1lis l\u00e1togat\u00e1s\u00e1t a kor\u00e1bbiakkal, de kiz\u00e1r\u00f3lag a saj\u00e1t tartalmuk tekintet\u00e9ben.<\/p>\n<p><\/p>\n<p>A s\u00fctit a felhaszn\u00e1l\u00f3 k\u00e9pes t\u00f6r\u00f6lni saj\u00e1t sz\u00e1m\u00edt\u00f3g\u00e9p\u00e9r\u0151l, illetve letilthatja b\u00f6ng\u00e9sz\u0151j\u00e9ben a s\u00fctik alkalmaz\u00e1s\u00e1t. A s\u00fctik kezel\u00e9s\u00e9re \u00e1ltal\u00e1ban a b\u00f6ng\u00e9sz\u0151k Eszk\u00f6z\u00f6k\/Be\u00e1ll\u00edt\u00e1sok men\u00fcj\u00e9ben az Adatv\u00e9delem be\u00e1ll\u00edt\u00e1sai alatt, cookie vagy s\u00fcti megnevez\u00e9ssel van lehet\u0151s\u00e9g.<\/p>\n<p><\/p>\n<p><b>Adatfeldolgoz\u00f3<\/b>:<\/p>\n<p><\/p>\n<p>Sz\u00e1ll\u00edt\u00e1s<\/p>\n<p><\/p>\n<p>Adatfeldolgoz\u00f3 \u00e1ltal ell\u00e1tott tev\u00e9kenys\u00e9g: Term\u00e9kek kisz\u00e1ll\u00edt\u00e1sa, fuvaroz\u00e1s<\/p>\n<p><\/p>\n<p>Adatfeldolgoz\u00f3 megnevez\u00e9se \u00e9s el\u00e9rhet\u0151s\u00e9ge:<\/p>\n<p><\/p>\n<p>A Magyar Posta azonos\u00edt\u00f3 adatai<\/p>\n<p><\/p>\n<p>Teljes c\u00e9gn\u00e9v: Magyar Posta Z\u00e1rtk\u00f6r\u0171en M\u0171k\u00f6d\u0151 R\u00e9szv\u00e9nyt\u00e1rsas\u00e1g<\/p>\n<p><\/p>\n<p>Sz\u00e9khely: 1138 Budapest, Dunavir\u00e1g utca 2-6.<\/p>\n<p><\/p>\n<p>C\u00e9gjegyz\u00e9ksz\u00e1m:01-10-042463<\/p>\n<p><\/p>\n<p>Ad\u00f3sz\u00e1m:10901232-2-44<\/p>\n<p><\/p>\n<p>P\u00e9nzforgalmi jelz\u0151sz\u00e1m:18203332-06000412-40010125<\/p>\n<p><\/p>\n<p><b>IV.-&nbsp;&nbsp;&nbsp; ADATBIZTONS\u00c1G<\/b><\/p>\n<p><\/p>\n<p>Adatkezel\u0151 megtesz minden sz\u00fcks\u00e9ges int\u00e9zked\u00e9st annak \u00e9rdek\u00e9ben, hogy biztos\u00edtsa az adatok biztons\u00e1gos, s\u00e9r\u00fcl\u00e9smentes kezel\u00e9s\u00e9t \u00e9s az ehhez sz\u00fcks\u00e9ges adatkezel\u00e9si rendszerek ki\u00e9p\u00edt\u00e9s\u00e9t, m\u0171k\u00f6dtet\u00e9s\u00e9t. Adatkezel\u0151 gondoskodik arr\u00f3l, hogy a kezelt adatokhoz illet\u00e9ktelen szem\u00e9ly ne f\u00e9rhessen hozz\u00e1, ne hozhassa nyilv\u00e1noss\u00e1gra, ne tov\u00e1bb\u00edthassa, valamint azokat ne m\u00f3dos\u00edthassa, t\u00f6r\u00f6lhesse.<\/p>\n<p><\/p>\n<p>A kezelt adatokat kiz\u00e1r\u00f3lag az adatkezel\u0151, illetve az adatfeldolgoz\u00f3 \u00e9rintett alkalmazottai ismerhetik meg, azokat&nbsp; a Rajal Birs ital Web\u00e1ruh\u00e1z az adat megismer\u00e9s\u00e9re jogosults\u00e1ggal nem rendelkez\u0151 szem\u00e9lynek nem adja \u00e1t. Az adatok t\u00e1rol\u00e1sa magyarorsz\u00e1gi \u00e9s k\u00fclf\u00f6ldi szerverh\u00e1l\u00f3zaton t\u00f6rt\u00e9nik. Az Adatkezel\u0151 k\u00f6telezetts\u00e9get v\u00e1llal arra, hogy a legkorszer\u0171bb \u00e9s legmegfelel\u0151bb berendez\u00e9sekkel \u00e9s biztons\u00e1gi szab\u00e1lyokkal gondoskodik az adatok biztons\u00e1g\u00e1r\u00f3l, k\u00fcl\u00f6n\u00f6s tekintettel arra, hogy az adatokhoz jogosulatlan szem\u00e9ly hozz\u00e1 ne f\u00e9rjen, az adatok jogszer\u0171tlen ne ker\u00fcljenek nyilv\u00e1noss\u00e1gra, t\u00f6rl\u00e9sre vagy megsemmis\u00edt\u00e9sre. Megtesz minden t\u0151le telhet\u0151t annak \u00e9rdek\u00e9ben, hogy az adatok v\u00e9letlen\u00fcl se s\u00e9r\u00fcljenek, illetve semmis\u00fcljenek meg. A fenti k\u00f6telezetts\u00e9gv\u00e1llal\u00e1st az Adatkezel\u0151 az adatkezel\u00e9si tev\u00e9kenys\u00e9gben r\u00e9szt vev\u0151 munkav\u00e1llal\u00f3i r\u00e9sz\u00e9re is el\u0151\u00edrja.<\/p>\n<p><\/p>\n<p>Adatkezel\u0151 semmilyen k\u00f6r\u00fclm\u00e9nyek k\u00f6z\u00f6tt nem gy\u0171jt k\u00fcl\u00f6nleges adatokat, azaz olyan adatokat, amelyek faji eredetre, a nemzeti \u00e9s etnikai kisebbs\u00e9ghez tartoz\u00e1sra, a politikai v\u00e9lem\u00e9nyre vagy p\u00e1rt\u00e1ll\u00e1sra, a vall\u00e1sos vagy m\u00e1s vil\u00e1gn\u00e9zeti meggy\u0151z\u0151d\u00e9sre, az \u00e9rdek-k\u00e9pviseleti szervezeti tags\u00e1gra, az eg\u00e9szs\u00e9gi \u00e1llapotra, a k\u00f3ros szenved\u00e9lyre, a szexu\u00e1lis \u00e9letre valamint b\u00fcntetett el\u0151\u00e9letre vonatkoznak. Amennyiben az Adatkezel\u0151 tudom\u00e1st szerez arr\u00f3l, hogy valamely \u00e9rintett a 2011. \u00e9vi CXII. t\u00f6rv\u00e9ny rendelkez\u00e9sei \u00e9rtelm\u00e9ben k\u00fcl\u00f6nleges adatk\u00e9nt min\u0151s\u00fcl\u0151 adatot helyezett el az adatb\u00e1zisban, azt halad\u00e9ktalanul t\u00f6rli, \u00e9s jogosult az adott Felhaszn\u00e1l\u00f3 regisztr\u00e1ci\u00f3j\u00e1t t\u00f6r\u00f6lni.<\/p>\n<p><\/p>\n<p>Adatkezel\u0151 kijelenti, hogy a vele \u00fcgyf\u00e9lkapcsolatban \u00e1ll\u00f3 v\u00e1llalatok szerz\u0151d\u00e9s\u00fck keretein bel\u00fcl k\u00f6telezetts\u00e9get v\u00e1llaltak \u00e9s v\u00e1llalnak az adatb\u00e1zisunkban tal\u00e1lhat\u00f3 adatok jogszab\u00e1lyszer\u0171 kezel\u00e9s\u00e9re. Az Adatkezel\u0151 kijelenti tov\u00e1bb\u00e1, hogy &#8211; szerz\u0151d\u00e9ses k\u00f6telezetts\u00e9geik kik\u00e9nyszer\u00edt\u00e9s\u00e9n t\u00fal &#8211; nincs r\u00e1hat\u00e1sa arra, hogy azon v\u00e1llalatok, amelyek hozz\u00e1f\u00e9rnek az \u00e9rintett adataihoz, betartj\u00e1k-e a szem\u00e9lyes adatok v\u00e9delm\u00e9re vonatkoz\u00f3 jogszab\u00e1lyi rendelkez\u00e9seket. Adatkezel\u0151 nem v\u00e1llal felel\u0151ss\u00e9get az Adatkezel\u0151vel \u00fcgyf\u00e9lkapcsolatban \u00e1ll\u00f3 v\u00e1llalatok jogszab\u00e1lyszer\u0171 adatkezel\u00e9s\u00e9\u00e9rt, valamint az on-line adat\u00e1tvitel\u00e9rt.<\/p>\n<p><\/p>\n<p>&nbsp;A GDPR tartalmazza azt a k\u00f6telezetts\u00e9get, miszerint a szem\u00e9lyes adatokat olyan m\u00f3don kell feldolgozni, amely biztos\u00edtja azok megfelel\u0151 biztons\u00e1g\u00e1t, bele\u00e9rtve a szem\u00e9lyes adatokhoz val\u00f3 jogosulatlan hozz\u00e1f\u00e9r\u00e9s megakad\u00e1lyoz\u00e1s\u00e1t, illetve a feldolgoz\u00e1shoz felhaszn\u00e1lt rendszer biztons\u00e1g\u00e1t. Ez\u00e9rt az adatkezel\u0151nek \u00e9rt\u00e9kelnie kell a szem\u00e9lyes adatok feldolgoz\u00e1s\u00e1ban rejl\u0151 kock\u00e1zatokat, \u00e9s int\u00e9zked\u00e9seket kell tennie ezeknek a kock\u00e1zatoknak a m\u00e9rs\u00e9kl\u00e9s\u00e9re.<\/p>\n<p><\/p>\n<p>&nbsp;A v\u00e1llalatoknak \u00e9s szervezeteknek \u00e9rtes\u00edteni\u00fck kell a nemzeti fel\u00fcgyeleti hat\u00f3s\u00e1got az adatsziv\u00e1rg\u00e1sr\u00f3l \u00e9s lop\u00e1sr\u00f3l, amelyek vesz\u00e9lyeztetik a felhaszn\u00e1l\u00f3kat. Abban az esetben, ha az adatkezel\u0151 k\u00e9pes bizony\u00edtani, hogy a szem\u00e9lyes adatok megs\u00e9rt\u00e9se nem val\u00f3sz\u00edn\u0171, hogy s\u00e9rti a term\u00e9szetes szem\u00e9lyek jogait, nem sz\u00fcks\u00e9ges a bejelent\u00e9s. Azonban probl\u00e9ma eset\u00e9n az \u00e9rtes\u00edt\u00e9seket indokolatlan k\u00e9sedelem n\u00e9lk\u00fcl \u00e9s \u2013 amennyiben megval\u00f3s\u00edthat\u00f3 \u2013 \u00e1ltal\u00e1ban 72 \u00f3r\u00e1n bel\u00fcl kell beny\u00fajtani, miut\u00e1n az adatkezel\u0151k tudom\u00e1st szereztek r\u00f3la. Az adatkezel\u0151nek tov\u00e1bb\u00e1 a lehet\u0151 leghamarabb t\u00e1j\u00e9koztatniuk kell az \u00e9rintetteket a nagy kock\u00e1zat\u00fa jogs\u00e9rt\u00e9sekr\u0151l annak \u00e9rdek\u00e9ben, hogy a felhaszn\u00e1l\u00f3k megtehess\u00e9k a sz\u00fcks\u00e9ges int\u00e9zked\u00e9seket. Ez a k\u00f6telezetts\u00e9g akkor relev\u00e1ns, ha a szem\u00e9lyes adatok megs\u00e9rt\u00e9se nagy val\u00f3sz\u00edn\u0171s\u00e9ggel magas kock\u00e1zatot jelent a term\u00e9szetes szem\u00e9ly jogaira n\u00e9zve. Az adatv\u00e9delmi garanci\u00e1kat a legkor\u00e1bbi fejleszt\u00e9si szakaszban be kell \u00e9p\u00edteni a term\u00e9kekbe \u00e9s a szolg\u00e1ltat\u00e1sokba.<\/p>\n<p><\/p>\n<p><b>AZ \u00c9RINTETT T\u00c1J\u00c9KOZTAT\u00c1SA AZ ADATV\u00c9DELMI INCIDENSR\u0150L<\/b><\/p>\n<p><\/p>\n<p>Ha az adatv\u00e9delmi incidens val\u00f3sz\u00edn\u0171s\u00edthet\u0151en magas kock\u00e1zattal j\u00e1r a term\u00e9szetes szem\u00e9lyek jogaira \u00e9s szabads\u00e1gaira n\u00e9zve, az adatkezel\u0151 indokolatlan k\u00e9sedelem n\u00e9lk\u00fcl t\u00e1j\u00e9koztatja az \u00e9rintettet az adatv\u00e9delmi incidensr\u0151l.<\/p>\n<p><\/p>\n<p>Az \u00e9rintett r\u00e9sz\u00e9re adott t\u00e1j\u00e9koztat\u00e1sban vil\u00e1gosan \u00e9s k\u00f6z\u00e9rthet\u0151en ismertetni kell az adatv\u00e9delmi incidens jelleg\u00e9t, \u00e9s k\u00f6z\u00f6lni kell az adatv\u00e9delmi tisztvisel\u0151 vagy a tov\u00e1bbi t\u00e1j\u00e9koztat\u00e1st ny\u00fajt\u00f3 egy\u00e9b kapcsolattart\u00f3 nev\u00e9t \u00e9s el\u00e9rhet\u0151s\u00e9geit; ismertetni kell az adatv\u00e9delmi incidensb\u0151l ered\u0151, val\u00f3sz\u00edn\u0171s\u00edthet\u0151 k\u00f6vetkezm\u00e9nyeket; ismertetni kell az adatkezel\u0151 \u00e1ltal az adatv\u00e9delmi incidens orvosl\u00e1s\u00e1ra tett vagy tervezett int\u00e9zked\u00e9seket, bele\u00e9rtve adott esetben az adatv\u00e9delmi incidensb\u0151l ered\u0151 esetleges h\u00e1tr\u00e1nyos k\u00f6vetkezm\u00e9nyek enyh\u00edt\u00e9s\u00e9t c\u00e9lz\u00f3 int\u00e9zked\u00e9seket.<\/p>\n<p><\/p>\n<p><b>Az \u00e9rintettet nem kell t\u00e1j\u00e9koztatni, ha a k\u00f6vetkez\u0151 felt\u00e9telek b\u00e1rmelyike teljes\u00fcl:<\/b><\/p>\n<p><\/p>\n<p>-az adatkezel\u0151 megfelel\u0151 technikai \u00e9s szervez\u00e9si v\u00e9delmi int\u00e9zked\u00e9seket hajtott v\u00e9gre, \u00e9s ezeket az int\u00e9zked\u00e9seket az adatv\u00e9delmi incidens \u00e1ltal \u00e9rintett adatok tekintet\u00e9ben alkalmazt\u00e1k, k\u00fcl\u00f6n\u00f6sen azokat az int\u00e9zked\u00e9seket \u2013 mint p\u00e9ld\u00e1ul a titkos\u00edt\u00e1s alkalmaz\u00e1sa \u2013, amelyek a szem\u00e9lyes adatokhoz val\u00f3 hozz\u00e1f\u00e9r\u00e9sre fel nem jogos\u00edtott szem\u00e9lyek sz\u00e1m\u00e1ra \u00e9rtelmezhetetlenn\u00e9 teszik az adatokat;<\/p>\n<p><\/p>\n<p>-az adatkezel\u0151 az adatv\u00e9delmi incidenst k\u00f6vet\u0151en olyan tov\u00e1bbi int\u00e9zked\u00e9seket tett, amelyek biztos\u00edtj\u00e1k, hogy az \u00e9rintett jogaira \u00e9s szabads\u00e1gaira jelentett, magas kock\u00e1zat a tov\u00e1bbiakban val\u00f3sz\u00edn\u0171s\u00edthet\u0151en nem val\u00f3sul meg;<\/p>\n<p><\/p>\n<p>-a t\u00e1j\u00e9koztat\u00e1s ar\u00e1nytalan er\u0151fesz\u00edt\u00e9st tenne sz\u00fcks\u00e9gess\u00e9. Ilyen esetekben az \u00e9rintetteket nyilv\u00e1nosan k\u00f6zz\u00e9tett inform\u00e1ci\u00f3k \u00fatj\u00e1n kell t\u00e1j\u00e9koztatni, vagy olyan hasonl\u00f3 int\u00e9zked\u00e9st kell hozni, amely biztos\u00edtja az \u00e9rintettek hasonl\u00f3an hat\u00e9kony t\u00e1j\u00e9koztat\u00e1s\u00e1t.<\/p>\n<p><\/p>\n<p>Ha az adatkezel\u0151 m\u00e9g nem \u00e9rtes\u00edtette az \u00e9rintettet az adatv\u00e9delmi incidensr\u0151l, a fel\u00fcgyeleti hat\u00f3s\u00e1g, miut\u00e1n m\u00e9rlegelte, hogy az adatv\u00e9delmi incidens val\u00f3sz\u00edn\u0171s\u00edthet\u0151en magas kock\u00e1zattal j\u00e1r-e, elrendelheti az \u00e9rintett t\u00e1j\u00e9koztat\u00e1s\u00e1t.<\/p>\n<p><\/p>\n<p><b>ADATV\u00c9DELMI INCIDENS BEJELENT\u00c9SE A HAT\u00d3S\u00c1GNAK<\/b><\/p>\n<p><\/p>\n<p>Az adatv\u00e9delmi incidenst az adatkezel\u0151 indokolatlan k\u00e9sedelem n\u00e9lk\u00fcl, \u00e9s ha lehets\u00e9ges, legk\u00e9s\u0151bb 72 \u00f3r\u00e1val azut\u00e1n, hogy az adatv\u00e9delmi incidens a tudom\u00e1s\u00e1ra jutott, bejelenti az 55. cikk alapj\u00e1n illet\u00e9kes fel\u00fcgyeleti hat\u00f3s\u00e1gnak, kiv\u00e9ve, ha az adatv\u00e9delmi incidens val\u00f3sz\u00edn\u0171s\u00edthet\u0151en nem j\u00e1r kock\u00e1zattal a term\u00e9szetes szem\u00e9lyek jogaira \u00e9s szabads\u00e1gaira n\u00e9zve. Ha a bejelent\u00e9s nem t\u00f6rt\u00e9nik meg 72 \u00f3r\u00e1n bel\u00fcl, mell\u00e9kelni kell hozz\u00e1 a k\u00e9sedelem igazol\u00e1s\u00e1ra szolg\u00e1l\u00f3 indokokat is.<\/p>\n<p><\/p>\n<p><b>V.-&nbsp;&nbsp;&nbsp; PIACKUTAT\u00c1S \u00c9S K\u00d6ZVETLEN \u00dcZLETSZERZ\u00c9S<\/b><\/p>\n<p><\/p>\n<p>Adatkezel\u0151 t\u00e1j\u00e9koztatja az \u00e9rintettet a piackutat\u00e1s \u00e9s k\u00f6zvetlen \u00fczletszerz\u00e9s c\u00e9lj\u00e1b\u00f3l t\u00f6rt\u00e9n\u0151 megkeres\u00e9se alkalm\u00e1val arr\u00f3l, hogy az adatait milyen forr\u00e1sb\u00f3l szerezte, milyen c\u00e9lra \u00e9s m\u00f3don, tov\u00e1bb\u00e1 meddig k\u00edv\u00e1nja felhaszn\u00e1lni, milyen k\u00f6zrem\u0171k\u00f6d\u0151t vesz ig\u00e9nybe, valamint a k\u00e9s\u0151bbi adat\u00e1tad\u00e1si sz\u00e1nd\u00e9k\u00e1r\u00f3l tov\u00e1bb\u00e1 arr\u00f3l, hogy az adatszolg\u00e1ltat\u00e1s \u00f6nk\u00e9ntes \u00e9s b\u00e1rmikor k\u00e9rhet\u0151 az adatkezel\u00e9s megsz\u00fcntet\u00e9se.<\/p>\n<p><\/p>\n<p><b>VI. &#8211;&nbsp;&nbsp; HAT\u00c1LY<\/b><\/p>\n<p><\/p>\n<p>1. Jelen Szab\u00e1lyzat hat\u00e1lya kiterjed az Adatkezel\u0151re &#8211; bele\u00e9rtve annak valamennyi alkalmazottj\u00e1t -, \u00e9s valamennyi olyan adatra, amelyet a tev\u00e9kenys\u00e9ge sor\u00e1n, megszerzett \u00e9s kezelt adatra.<\/p>\n<p><\/p>\n<p>2. Jelen Szab\u00e1lyzat 2018.05. 01. napj\u00e1n l\u00e9pett hat\u00e1lyba.<\/p>\n<p><\/p>\n<p>A V\u00c1LLALKOZ\u00c1SOKRA \u00c9S A SZERVEZETEKRE VONATKOZ\u00d3, \u00daJ 2018-S SZAB\u00c1LYOK<\/p>\n<p><\/p>\n<figure class=\"wp-block-embed\">\n<div class=\"wp-block-embed__wrapper\">https:\/\/ec.europa.eu\/info\/law\/law-topic\/data-protection\/reform\/rules-business-and-organisations_hu<\/div>\n<\/figure>\n<p><\/p>\n<p>3. Nemzeti Adatv\u00e9delmi \u00e9s Inform\u00e1ci\u00f3szabads\u00e1g Hat\u00f3s\u00e1g el\u00e9rhet\u0151s\u00e9gei<\/p>\n<p><\/p>\n<p>N\u00e9v: Nemzeti Adatv\u00e9delmi \u00e9s Inform\u00e1ci\u00f3szabads\u00e1g Hat\u00f3s\u00e1g<\/p>\n<p><\/p>\n<p>Postac\u00edm: 1530 Budapest, Pf.: 5<\/p>\n<p><\/p>\n<p>C\u00edm: 1125 Budapest, Szil\u00e1gyi Erzs\u00e9bet fasor 22\/c<\/p>\n<p><\/p>\n<p>Telefon: +36 (1) 391-1400<\/p>\n<p><\/p>\n<p>Fax: +36 (1) 391-1410<\/p>\n<p><\/p>\n<p>E-mail: ugyfelszolgalat@naih.hu<\/p>\n<p><\/p>\n<p>Url: http:\/\/naih.hu<\/p>\n<p><\/p>\n<p><a href=\"https:\/\/www.rajalbirs.hu\/wp-content\/uploads\/2020\/10\/adatkezelesinyilatkozat.pdf\">AZ ADATKEZEL\u00c9SI NYILATKOZAT LET\u00d6LT\u00c9SE<\/a>&nbsp;<span style=\"color: var( --e-global-color-text ); font-family: var( --e-global-typography-text-font-family ); font-weight: var( --e-global-typography-text-font-weight ); background-color: transparent;\">web\u00e1ruh\u00e1z<\/span><\/p>\n<p><\/p>\n<p><\/p>\t\t\t\t\t\t\t\t<\/div>\n\t\t\t\t<\/div>\n\t\t\t\t<div class=\"elementor-element elementor-element-c08acf0 elementor-widget elementor-widget-image\" data-id=\"c08acf0\" data-element_type=\"widget\" data-e-type=\"widget\" data-widget_type=\"image.default\">\n\t\t\t\t<div class=\"elementor-widget-container\">\n\t\t\t\t\t\t\t\t\t\t\t\t\t\t\t\t<a href=\"https:\/\/www.rajalbirs.hu\/wp-content\/uploads\/2020\/10\/adatkezelesinyilatkozat.pdf\">\n\t\t\t\t\t\t\t<img data-recalc-dims=\"1\" height=\"100\" width=\"100\" decoding=\"async\" src=\"https:\/\/i0.wp.com\/www.rajalbirs.hu\/wp-content\/uploads\/2020\/10\/176-1767382_voyager-focus-uc-data-sheet-en-save-as.jpg?resize=100%2C100&#038;ssl=1\" title=\"176-1767382_voyager-focus-uc-data-sheet-en-save-as\" alt=\"176-1767382_voyager-focus-uc-data-sheet-en-save-as\" loading=\"lazy\" \/>\t\t\t\t\t\t\t\t<\/a>\n\t\t\t\t\t\t\t\t\t\t\t\t\t\t\t<\/div>\n\t\t\t\t<\/div>\n\t\t\t\t\t<\/div>\n\t\t<\/div>\n\t\t\t\t\t<\/div>\n\t\t<\/section>\n\t\t\t\t<\/div>\n\t\t","protected":false},"excerpt":{"rendered":"<p>Adatv\u00e9delmi nyilatkozat LET\u00d6LT\u00c9S Az \u00d6n \u00e1ltal megadott adatokat a Rajal Birs Ital web\u00e1ruh\u00e1z kiz\u00e1r\u00f3lag a megrendel\u00e9s teljes\u00edt\u00e9se, a rendel\u00e9si felt\u00e9telek k\u00e9s\u0151bbi bizony\u00edt\u00e1sa, illetve h\u00edrlev\u00e9l k\u00fcld\u00e9se&#8230;<\/p>\n","protected":false},"author":1,"featured_media":0,"parent":0,"menu_order":0,"comment_status":"closed","ping_status":"closed","template":"","meta":{"footnotes":""},"class_list":["post-3","page","type-page","status-publish","hentry"],"jetpack_sharing_enabled":true,"_links":{"self":[{"href":"https:\/\/www.rajalbirs.hu\/index.php\/wp-json\/wp\/v2\/pages\/3","targetHints":{"allow":["GET"]}}],"collection":[{"href":"https:\/\/www.rajalbirs.hu\/index.php\/wp-json\/wp\/v2\/pages"}],"about":[{"href":"https:\/\/www.rajalbirs.hu\/index.php\/wp-json\/wp\/v2\/types\/page"}],"author":[{"embeddable":true,"href":"https:\/\/www.rajalbirs.hu\/index.php\/wp-json\/wp\/v2\/users\/1"}],"replies":[{"embeddable":true,"href":"https:\/\/www.rajalbirs.hu\/index.php\/wp-json\/wp\/v2\/comments?post=3"}],"version-history":[{"count":15,"href":"https:\/\/www.rajalbirs.hu\/index.php\/wp-json\/wp\/v2\/pages\/3\/revisions"}],"predecessor-version":[{"id":6179,"href":"https:\/\/www.rajalbirs.hu\/index.php\/wp-json\/wp\/v2\/pages\/3\/revisions\/6179"}],"wp:attachment":[{"href":"https:\/\/www.rajalbirs.hu\/index.php\/wp-json\/wp\/v2\/media?parent=3"}],"curies":[{"name":"wp","href":"https:\/\/api.w.org\/{rel}","templated":true}]}}